{"id":4095,"date":"2015-01-30T14:38:24","date_gmt":"2015-01-30T14:38:24","guid":{"rendered":"http:\/\/www.moepp.gov.mk\/?page_id=4095"},"modified":"2024-06-28T07:17:59","modified_gmt":"2024-06-28T06:17:59","slug":"%d0%bf%d0%be%d1%80%d0%b0%d0%bd%d0%b5%d1%88%d0%bd%d0%b8-%d0%bc%d0%b8%d0%bd%d0%b8%d1%81%d1%82%d1%80%d0%b8","status":"publish","type":"page","link":"https:\/\/arhiva.moepp.gov.mk\/AL\/%d0%bc%d0%b8%d0%bd%d0%b8%d1%81%d1%82%d0%b5%d1%80%d1%81%d1%82%d0%b2%d0%be\/%d0%bf%d0%be%d1%80%d0%b0%d0%bd%d0%b5%d1%88%d0%bd%d0%b8-%d0%bc%d0%b8%d0%bd%d0%b8%d1%81%d1%82%d1%80%d0%b8\/","title":{"rendered":"Ish ministrat"},"content":{"rendered":"<p><\/p>\n<p style=\"color: #000000;\"><div class=\"su-spoiler su-spoiler-style-fancy su-spoiler-icon-chevron su-spoiler-closed\" data-scroll-offset=\"0\" data-anchor-in-url=\"no\"><div class=\"su-spoiler-title\" tabindex=\"0\" role=\"button\"><span class=\"su-spoiler-icon\"><\/span>Kaja Shukova \u2013 minist\u00ebr  nga shkurti 2023 deri n\u00eb qershor 2024<\/div><div class=\"su-spoiler-content su-u-clearfix su-u-trim\">\n<p><a href=\"https:\/\/arhiva.moepp.gov.mk\/wp-content\/uploads\/2014\/11\/Minister_Kaja_Sukova.jpg\" rel=\"lightbox[4095]\"><img decoding=\"async\" loading=\"lazy\" class=\"aligncenter size-full wp-image-35005\" src=\"https:\/\/arhiva.moepp.gov.mk\/wp-content\/uploads\/2014\/11\/Minister_Kaja_Sukova.jpg\" alt=\"Minister_Kaja_Sukova\" width=\"150\" height=\"240\" \/><\/a><\/p>\n<table width=\"671\">\n<tbody>\n<tr>\n<td width=\"208\"><strong>Emri dhe mbiemri<\/strong><\/td>\n<td width=\"463\"><strong>Kaja Shukova<\/strong><\/td>\n<\/tr>\n<tr>\n<td width=\"208\"><strong>Data dhe vendi i lindjes<\/strong><\/td>\n<td width=\"463\">01.01.1970, Shkup, Maqedoni<\/td>\n<\/tr>\n<tr>\n<td width=\"208\"><strong>Shtet\u00ebsia<\/strong><\/td>\n<td width=\"463\">Maqedonase<\/td>\n<\/tr>\n<tr>\n<td width=\"208\"><strong>Posta elektronike<\/strong><\/td>\n<td width=\"463\">k.sukova@moepp.gov.mk, kajasukova@yahoo.com<\/td>\n<\/tr>\n<tr>\n<td width=\"208\"><strong>Arsimi<\/strong><strong>\u043c\u0438<br \/>\n<\/strong><strong>1989 &#8211; 1995<\/strong><\/td>\n<td width=\"463\">\u0422\u0435knologe e diplomuar e inxhinieris\u00eb \u2013 (bioteknologji ushqimore) VII\/1<br \/>\nFakulteti Teknologjik-Metalurgjik, Shkup<\/td>\n<\/tr>\n<tr>\n<td width=\"208\"><strong>\u00a0<\/strong><\/td>\n<td width=\"463\"><\/td>\n<\/tr>\n<tr>\n<td width=\"208\"><strong>P\u00ebrvoja profesionale<\/strong><\/td>\n<td width=\"463\"><\/td>\n<\/tr>\n<tr>\n<td width=\"208\">nga 27 shkurt 2023 deri m\u00eb 24 qershor 2024<\/td>\n<td width=\"463\"><strong>Minist\u00ebr i Mjedisit dhe Planifikimit Hap\u00ebsinor<\/strong><\/td>\n<\/tr>\n<tr>\n<td width=\"208\">Tetor 2020 &#8211; 2022<\/td>\n<td width=\"463\">\u00a0Ministria e Mjedisit Jet\u00ebsor dhe Planifikimit Hap\u00ebsinor &#8211;\u00a0<strong>Sekretare Shtet\u00ebrore<\/strong><\/td>\n<\/tr>\n<tr>\n<td width=\"208\">Qershor 2001 &#8211; Tetor2020<\/td>\n<td width=\"463\">\u00a0Ministria e Mjedisit Jet\u00ebsor dhe Planifikimit Hap\u00ebsinor &#8211;\u00a0<strong>Udh\u00ebheq\u00ebse e Sektorit p\u00ebr Zhvillim t\u00eb Q\u00ebndruesh\u00ebm dhe Investime<\/strong><\/td>\n<\/tr>\n<tr>\n<td width=\"208\">Maj 2000 &#8211; \u041c\u0430\u0458 2001<\/td>\n<td width=\"463\">\u00a0Ministria e Mjedisit Jet\u00ebsor<strong>,\u00a0<\/strong>Sektori p\u00ebr Zhvillim t\u00eb Q\u00ebndruesh\u00ebm, Nj\u00ebsia p\u00ebr P\u00ebrgatitjen e Projekteve,\u00a0<strong>K\u00ebshilltare<\/strong><\/td>\n<\/tr>\n<tr>\n<td width=\"208\">Dhjetor 1999-Prill 2000<\/td>\n<td width=\"463\">\u00a0Ministria e Mjedisit Jet\u00ebsor, Sektori p\u00ebr Bashk\u00ebpunim Nd\u00ebrkomb\u00ebtar,\u00a0<strong>K\u00ebshilltare<\/strong><\/td>\n<\/tr>\n<tr>\n<td width=\"208\">Shkurt 1999-N\u00ebntor 1999<\/td>\n<td width=\"463\">Ministria e Mjedisit Jet\u00ebsor, Sektori i Eko-Menaxhimit,\u00a0<strong>Kontrat\u00eb n\u00eb vep\u00ebr<\/strong><\/td>\n<\/tr>\n<tr>\n<td width=\"208\">N\u00ebntor 1998-Janar 1999<\/td>\n<td width=\"463\">Ministria e Nd\u00ebrtimit, Urbanizmit dhe Mjedisit Jet\u00ebsor,\u00a0<strong>Kontrat\u00eb n\u00eb vep\u00ebr<\/strong><\/td>\n<\/tr>\n<tr>\n<td width=\"208\">1997-1998<\/td>\n<td width=\"463\">Birraria &#8211; Shkup,\u00a0<strong>inxhiniere e fabrik\u00ebs<\/strong>\u00a0p\u00ebrgjegj\u00ebse p\u00ebr prodhimin e birr\u00ebs dhe pijeve joalkoolike<\/td>\n<\/tr>\n<tr>\n<td width=\"208\">1996-1997<\/td>\n<td width=\"463\">\u041c\u041e\u0422\u041e TRADE \u2013 Shkup<\/td>\n<\/tr>\n<tr>\n<td width=\"208\">1993-1994<\/td>\n<td width=\"463\">AIVA BEK &#8211; Shkup<\/td>\n<\/tr>\n<tr>\n<td width=\"208\">Gjuh\u00eb t\u00eb huaja<\/td>\n<td width=\"463\">Gjuh\u00eb angleze (aktive)<br \/>\nGjuh\u00eb gjermane (pasive)<\/td>\n<\/tr>\n<tr>\n<td width=\"208\"><strong>Aft\u00ebsi kompjuterike<\/strong><\/td>\n<td width=\"463\">MS OFFICE<\/p>\n<p>Internet<\/td>\n<\/tr>\n<tr>\n<td width=\"208\"><strong>Kualifikimet kryesore:<\/strong><\/p>\n<p><strong>\u00a0<\/strong><\/td>\n<td width=\"463\">\n<ul>\n<li>Menaxhimi dhe planifikimi mjedisor (Menaxhimi i Ciklit t\u00eb Projektit)<\/li>\n<li>Pjes\u00ebmarrja n\u00eb p\u00ebrgatitjen e akteve ligjore, harmonizimi me BE-n\u00eb, procesi i skriningut dhe negociatave<\/li>\n<li>Menaxhimi i mjedisit jet\u00ebsor n\u00eb drejtim t\u00eb zhvillimit t\u00eb q\u00ebndruesh\u00ebm dhe mbrojtjes s\u00eb ajrit, ujit, tok\u00ebs dhe burimeve natyrore nga ndotja (n\u00eb korrelacion me politikat e sektor\u00ebve t\u00eb energjis\u00eb, transportit, bujq\u00ebsis\u00eb, etj.)<\/li>\n<li>Zhvillimi i politikave, programeve dhe projekteve nga fusha e mjedisit jet\u00ebsor dhe zhvillimit t\u00eb q\u00ebndruesh\u00ebm<\/li>\n<li>Koordinimi i projekteve institucionale dhe infrastrukturore n\u00eb fush\u00ebn e mjedisit jet\u00ebsor, me theks t\u00eb ve\u00e7ant\u00eb n\u00eb menaxhimin e uj\u00ebrave dhe mbeturinave<\/li>\n<li>Koordinimi i projekteve institucionale nga segmenti i zhvillimit t\u00eb q\u00ebndruesh\u00ebm n\u00eb Maqedoni<\/li>\n<li>P\u00ebrgatitja e detyrave t\u00eb pun\u00ebs, dosjeve t\u00eb tenderit, analizave, raporteve dhe dokumenteve t\u00eb tjera t\u00eb pun\u00ebs nga fusha e \u00a0 mjedisit jet\u00ebsor<\/li>\n<li>Moderimi i pun\u00ebtorive, seminareve, trajnimeve, debateve publike, etj<\/li>\n<\/ul>\n<\/td>\n<\/tr>\n<\/tbody>\n<\/table>\n<p>&nbsp;<\/p>\n<table width=\"671\">\n<tbody>\n<tr>\n<td width=\"208\"><strong>Kualifikime dhe trajnime shtes\u00eb:<\/strong><strong>\u00a0\u00a0\u00a0\u00a0\u00a0\u00a0\u00a0\u00a0\u00a0\u00a0\u00a0<\/strong><\/p>\n<p><strong>\u00a0<\/strong><\/td>\n<td width=\"463\">\n<ul>\n<li>Programi RIP Telecom, Trajnim p\u00ebr Menaxhimin dhe P\u00ebrgatitjen e projekteve, Cikli i Projektit, Menaxhimin e projekteve, 2001\/2002<\/li>\n<li>Trajnim n\u00eb SHBA, Programi Nd\u00ebrkomb\u00ebtar i menaxhimit t\u00eb udh\u00ebheqjes \u2013 Menaxhimi i uj\u00ebrave n\u00eb SHBA, 2011<\/li>\n<li>JICA, Tokio Japoni Programi i Trajnimit p\u00ebr Menaxhimin e Uj\u00ebrave, 2009<\/li>\n<li>Nj\u00eb seri trajnimesh lokale n\u00eb fush\u00ebn e menaxhimit t\u00eb mjedisit jet\u00ebsor, menaxhimit t\u00eb projekteve, administrimit, etj<\/li>\n<\/ul>\n<\/td>\n<\/tr>\n<\/tbody>\n<\/table>\n<h3><em>Projektet dhe aktivitetet e realizuara<\/em><\/h3>\n<ul>\n<li>Bashk\u00ebkryetare e N\u00ebnkomitetit p\u00ebr Transport, Energji, Zhvillim Rajonal dhe Mjedis Jet\u00ebsor, 2021 \u2013 aktuale<\/li>\n<li>An\u00ebtare e Komisionit p\u00ebr Integrime Evropiane 2022 \u2013 Aktuale<\/li>\n<li>Kryetare e Komitetit Drejtues t\u00eb Programit t\u00eb Mbrojtjes s\u00eb Natyr\u00ebs, SECO, Zvic\u00ebr 2021 \u2013 Aktuale<\/li>\n<li>An\u00ebtare e Kolegjiumit t\u00eb P\u00ebrgjithsh\u00ebm pran\u00eb Qeveris\u00eb s\u00eb RMV-s\u00eb, me funksion si Sekretare Shtet\u00ebrore, 2020 \u2013 aktuale<\/li>\n<li>An\u00ebtare e Trupit Koordinues pran\u00eb Qeveris\u00eb s\u00eb RMV-s\u00eb p\u00ebr Presp\u00ebn, 2020 \u2013 aktuale<\/li>\n<li>Koordinimi i projektit p\u00ebr vendosjen e menaxhimit rajonal t\u00eb mbeturinave n\u00eb 5 rajone, n\u00eb rajonin juglindor, rajonin e Vardarit, Pellagonis\u00eb, Jugper\u00ebndimit dhe Pollogut \u2013 informacion i ri p\u00ebr Qeverin\u00eb, p\u00ebrgatitjet p\u00ebr nj\u00eb kredi t\u00eb re nga BERZH \u2013 aktuale<\/li>\n<li>Koordinimi i projektit p\u00ebr sistemet e uj\u00ebsjell\u00ebsit dhe kanalizimeve, kredi nga BEI, aktuale<\/li>\n<li>P\u00ebrgatitja e k\u00ebrkes\u00ebs p\u00ebr kredi nga BERZH p\u00ebr efikasitetin e energjis\u00eb n\u00eb stacionet e pastrimit, aktuale<\/li>\n<li>Pjes\u00ebmarrje n\u00eb Iniciativ\u00ebn p\u00ebr shpalljen e Maleshev\u00ebs zon\u00eb e mbrojtur (Ambasada zvicerane \u2013 SECO, Shoqata Ekologjike e Maqedonis\u00eb, Farmachem \u2013 Shkup)<\/li>\n<li>Pjes\u00ebmarrja n\u00eb Iniciativ\u00ebn p\u00ebr rishpalljen e Vodnos si zon\u00eb e mbrojtur \u2013 takime koordinuese p\u00ebr procesin sipas reagimeve t\u00eb opinionit pas propozimit t\u00eb Vendimit p\u00ebr shpallje<\/li>\n<li>Pjes\u00ebmarrja n\u00eb procedur\u00ebn p\u00ebr shpalljen e Osogov\u00ebs p\u00ebr zon\u00eb t\u00eb mbrojtur<\/li>\n<li>P\u00ebrcaktimi i ndihm\u00ebs potenciale mjedisore nga donator\u00ebt dhe fondacionet \u2013 takime me Friedrich Ebert, UNDP, UNOPS, USAID, t\u00eb vazhdueshme.<\/li>\n<li>Pjes\u00ebmarrja n\u00eb zbatimin e procedurave p\u00ebr miratimin e ndryshimeve n\u00eb ligjet mjedisore dhe nj\u00eb pako t\u00eb re prej 6 ligjesh n\u00eb fush\u00ebn e mbeturinave (seancat e kolegjiumit t\u00eb p\u00ebrbashk\u00ebt, seancat e KESTEP-it dhe seanca Qeveritare)<\/li>\n<li>Koordinimi i procesit p\u00ebr finalizimin e Ligjit p\u00ebr Emetimet Industriale, aktuale<\/li>\n<li>Zbatimi i ndihm\u00ebs para-aderuese t\u00eb BE-s\u00eb \u2013 IPA \u2013 proces i programimit dhe zbatimi i IPA 2 dhe IPA 3, aktuale<\/li>\n<li>Menaxhimi i Programit t\u00eb Investimeve n\u00eb Mjedisin Jet\u00ebsor 2007 \u2013 2020<\/li>\n<li>Personi p\u00ebrgjegj\u00ebs p\u00ebr mjedisin jet\u00ebsor i UNECE-s\u00eb, 2010 \u2013 aktual<\/li>\n<li>An\u00ebtare e Komitetit Drejtues, P\u00ebrgatitja e Strategjis\u00eb dhe Ligjit p\u00ebr Veprimin Klimatik<\/li>\n<li>Koordinimi i zbatimit t\u00eb projekteve p\u00ebr nd\u00ebrtimin e stacionit p\u00ebr pastrimin e uj\u00ebrave t\u00eb zeza n\u00eb Ko\u00e7an dhe sistemi i uj\u00ebsjell\u00ebsit n\u00eb Dell\u00e7ev\u00eb 2015 \u2013 2021<\/li>\n<li>Menaxher i projektit p\u00ebr nd\u00ebrtimin e nj\u00eb stacioni t\u00eb pastrimit t\u00eb uj\u00ebrave t\u00eb zeza n\u00eb Gjevgjeli 2010 \u2013 2019<\/li>\n<li>Menaxher i projektit p\u00ebr ndlrtimin e nj\u00eb stacioni t\u00eb pastrimit t\u00eb uj\u00ebrave t\u00eb zeza n\u00eb Volkov\u00eb dhe Saraj, 2015 \u2013 2017<\/li>\n<li>Koordinimi dhe pjes\u00ebmarrja n\u00eb p\u00ebrgatitjen e nj\u00eb s\u00ebr\u00eb projektes p\u00ebr projektet infrastrukturore n\u00eb fush\u00ebn e uj\u00ebrave dhe mbeturinave, 2001 \u2013 e vazhdueshme<\/li>\n<li>Menaxher i projektit, hartimi i Strategjis\u00eb Sektoriale p\u00ebr Mjedisin Jet\u00ebsor dhe Veprimin Klimatik, 2014 \u2013 2015<\/li>\n<li>Menaxher i projektit, hartimi i Rishikimit t\u00eb dyt\u00eb t\u00eb kushteve mjedisore p\u00ebr Maqedonin\u00eb, 2011 \u2013 2012<\/li>\n<li>Menaxher i projektit P\u00ebrgatitja e Planit dhe studimit p\u00ebr mbeturinat nga paisjet elektrike dhe elektronike 2009 \u2013 2011<\/li>\n<li>Koordinator komb\u00ebtar i Komisionit p\u00ebr dh\u00ebnien e koncesionit p\u00ebr menaxhimin e integruar t\u00eb mbeturinave n\u00eb Maqedonin\u00eb Juglindore, 2009 \u2013 2014<\/li>\n<li>Koordinator i projektit p\u00ebr P\u00ebrgatitjen e Strategjis\u00eb Komb\u00ebtare p\u00ebr Investime n\u00eb Mjedisin Jet\u00ebsor t\u00eb Republik\u00ebs s\u00eb Maqedonis\u00eb p\u00ebr periudh\u00ebn 2009 \u2013 2013, 2008 \u2013 2009<\/li>\n<li>Koordinimi i procesit t\u00eb p\u00ebrgatitjes s\u00eb Planit Lokal t\u00eb Veprimit Mjedisor dhe n\u00eb Maqedoni, faza e dyt\u00eb, 2008 \u2013 2012<\/li>\n<li>An\u00ebtare e Komisionit Mbik\u00ebqyr\u00ebs dhe person p\u00ebrgjegj\u00ebs gjat\u00eb p\u00ebrgatitjes s\u00eb Studimit p\u00ebr trajtimin e uj\u00ebrave t\u00eb zeza t\u00eb Qytetit t\u00eb Shkupit, 2007 \u2013 2009<\/li>\n<li>Koordinator komb\u00ebtar i projektit p\u00ebr Zhvillimin e Planeve Rehabilituese me skenar\u00eb financiar\u00eb p\u00ebr pikat e nxehta n\u00eb Maqedoni, CARDS 2006, 2006 \u2013 2007<\/li>\n<li>Konsulent komb\u00ebtar p\u00ebr PCB (UNIDO), Projekti: Aktivitetet fillestare p\u00ebr zbatimin e hersh\u00ebm t\u00eb Konvent\u00ebs s\u00eb Stokholmit p\u00ebr Ndot\u00ebsit Organik\u00eb t\u00eb Q\u00ebndruesh\u00ebm n\u00eb Republik\u00ebn e Maqedonis\u00eb 2006 \u2013 2007<\/li>\n<li>Menaxher Komb\u00ebtar i Projektit t\u00eb Ndihm\u00ebs Teknike p\u00ebr Zhvillimin e Planit t\u00eb Dyt\u00eb Komb\u00ebtar t\u00eb Veprimit Mjedisor, 2003 \u2013 2005, CARDS 2004<\/li>\n<li>Koordinimi gjat\u00eb p\u00ebrgatitjes s\u00eb Planit Strategjik t\u00eb MMJPH-s\u00eb, buxhetit dhe aktiviteteve aktuale, 2005 \u2013 n\u00eb vazhdim<\/li>\n<li>Z\u00ebvend\u00ebs koordinator i projektit p\u00ebr hartimin e Strategjis\u00eb Komb\u00ebtare p\u00ebr Zhvillim t\u00eb Q\u00ebndruesh\u00ebm me Plan Veprimi, 2005 \u2013 2006<\/li>\n<li>Udh\u00ebheq\u00ebs i detyr\u00ebs s\u00eb projektit, CARDS 2004, Forcimi Institucional i MMJPH-s\u00eb, 2005 \u2013 2006<\/li>\n<li>An\u00ebtare e organit p\u00ebr p\u00ebrgatitjen e pyet\u00ebsorit t\u00eb BE-s\u00eb p\u00ebr Maqedonin\u00eb, 2004<\/li>\n<li>Koordinatore e projektit SIDA\/REC p\u00ebr zhvillimin e Planit Lokal t\u00eb Veprimit Mjedisor n\u00eb Maqedoni (me hartimin e nj\u00eb metodologjie komb\u00ebtare p\u00ebr p\u00ebrgatitjen e Planeve Lokale t\u00eb Veprimeve Mjedisore \u2013 2004 \u2013 2006<\/li>\n<li>Koordinator i projektit p\u00ebr realizimin e projektit p\u00ebr nd\u00ebrtimin e hidrosistemit t\u00eb liqenit t\u00eb Dojranit, 2001 \u2013 2004<\/li>\n<li>Koordinator komb\u00ebtar i projektit Forcimi i kapaciteteve t\u00eb MMJPH-s\u00eb (komponenti i nd\u00ebrtimit t\u00eb kapaciteteve), UNDP, 2001 \u2013 2005<\/li>\n<li>An\u00ebtare e Komisionit Drejtues, Menaxhimi i Integruar i Ekosistemit t\u00eb Parkut t\u00eb Presp\u00ebs, 2000 \u2013 2002<\/li>\n<li>Koordinimi i nj\u00eb projekti t\u00eb UNDP-s\u00eb p\u00ebr Zhvillimin e Metodologjis\u00eb p\u00ebr p\u00ebrgatitjen e Strategjis\u00eb komb\u00ebtare p\u00ebr Zhvillim t\u00eb Q\u00ebndruesh\u00ebm, 2003<\/li>\n<li>Koordinimi i procesit p\u00ebr P\u00ebrgatitjen e nj\u00eb manuali p\u00ebr Agjend\u00ebn Lokale 21. 2003 \u2013 2004<\/li>\n<li>An\u00ebtare e grupit t\u00eb pun\u00ebs SOP 99 \u2013 Forcimi i kapaciteteve t\u00eb MMJPH-s\u00eb, legjislacioni horizontal, 2002 \u2013 2004<\/li>\n<li>An\u00ebtare e Komisionit Teknik p\u00ebr Legjislacionin Horizontal (NPAA) 2003 \u2013 aktuale<\/li>\n<li>An\u00ebtare e Komisionit Drejtues t\u00eb projektit p\u00ebr p\u00ebrgatitjen e Vler\u00ebsimit komb\u00ebtar p\u00ebr zhvillim t\u00eb q\u00ebndruesh\u00ebm t\u00eb Republik\u00ebs s\u00eb Maqedonis\u00eb, 2002<\/li>\n<li>Koordinatore, Zhvillimi i Programit t\u00eb Investime Publike, fusha e mjedisit jet\u00ebsor, 2000 \u2013 2015<\/li>\n<li>Inicimi dhe hartimi i akteve dhe rregullore ligjore nga fusha, me q\u00ebllim t\u00eb harmonizimit t\u00eb tyre me BE-n\u00eb, realizimin e detyrimeve q\u00eb rezultojn\u00eb nga konventat e n\u00ebnshkruara, protokollet dhe marr\u00ebveshjet nd\u00ebrkomb\u00ebtare (rekomandimet e dh\u00ebna p\u00ebr Ligjin p\u00ebr Ndryshimin dhe Plot\u00ebsimin e Ligjit p\u00ebr Mbrojtjen dhe Promovimin e Mjedisit Jet\u00ebsor dhe Natyr\u00ebs)<\/li>\n<li>Inicimi dhe menaxhimi i projekteve q\u00eb lidhen me kursimin e energjis\u00eb dhe ndryshimet klimatike, menaxhimin e kimikateve dhe hartimin e strategjive, studimeve, analizave dhe monitorimit n\u00eb fushat e furnizimit me uj\u00eb, pastrimit t\u00eb uj\u00ebrave t\u00eb zeza, asgj\u00ebsimit dhe riciklimit t\u00eb mbeturinave t\u00eb ngurta dhe t\u00eb l\u00ebngshme<\/li>\n<li>Hartimi i propozim aplikimeve p\u00ebr FGE, REReP, grante japoneze dhe programe t\u00eb tjera donator\u00ebsh<\/li>\n<li>Projekti EXPO 2000, Hanover \u2013 koordinim gjat\u00eb p\u00ebrgatitjes s\u00eb materialit p\u00ebr prezantimin e ekspozit\u00ebs<\/li>\n<li>Vler\u00ebsimi strategjik i ndikimit t\u00eb investimeve n\u00eb mjedisin jet\u00ebsor, me q\u00ebllim planifikimin e duhur hap\u00ebsinor, p\u00ebrmes vler\u00ebsimit t\u00eb ndikimit n\u00eb mjedis t\u00eb investimeve individuale, dhe at\u00eb n\u00eb nj\u00eb kontekst nd\u00ebrkufitar, m\u00eb tej kur b\u00ebhen investime p\u00ebrmes financimit t\u00eb tyre n\u00ebp\u00ebrmjet kredive ose donacioneve (p\u00ebrmes dh\u00ebnies s\u00eb Opinioneve p\u00ebr pranueshm\u00ebrin\u00eb e investimit nga aspekti mjedisor), dh\u00ebnien e Opinioneve p\u00ebr projekte, raporte teknologjiko-mjedisore etj.<\/li>\n<li>P\u00ebrgjigje ndaj pyet\u00ebsor\u00ebve (t\u00eb marr\u00eb nga institucione t\u00eb ndryshme nd\u00ebrkomb\u00ebtare) nga fusha e ndikimit mjedisor, legjislacionit ligjor etj.<\/li>\n<li>Zbatimi i dispozitave nga Ligji p\u00ebr Doganat, n\u00eb fush\u00ebn e lirimit nga detyrimet doganore p\u00ebr mallrat q\u00eb jan\u00eb t\u00eb p\u00ebrfshira drejt\u00ebp\u00ebrdrejt n\u00eb mbrojtjen e mjedisit jet\u00ebsor, me dh\u00ebnien e Opinioneve.<\/li>\n<li>Realizimi i Vendimit p\u00ebr ndarjen e mallrave n\u00eb form\u00eb t\u00eb importit dhe eksportit, p\u00ebrkat\u00ebsisht dh\u00ebnien e lejeve t\u00eb import-eksportit<\/li>\n<li>Autorizimi i personave juridik\u00eb p\u00ebr kryerjen e detyrave t\u00eb caktuara profesionale n\u00eb fush\u00ebn e mbrojtjes dhe p\u00ebrmir\u00ebsimit t\u00eb mjedisit jet\u00ebsor dhe natyr\u00ebs, sipas nenit 11 t\u00eb Ligjit baz\u00eb p\u00ebr Mjedisin Jet\u00ebsor<\/li>\n<li>Kontaktet me autoritetet, agjencit\u00eb, organizatat dhe shoqatat vendase dhe nd\u00ebrkomb\u00ebtare<\/li>\n<li>P\u00ebrgatitja e informacioneve p\u00ebr takimet dypal\u00ebshe dhe shum\u00ebpal\u00ebshe<\/li>\n<li>Pjes\u00ebmarrja active n\u00eb pun\u00ebn e marr\u00ebveshjeve nd\u00ebrkomb\u00ebtare<\/li>\n<li>Pjes\u00ebmarrja aktive n\u00eb takimet nd\u00ebrministrore<\/li>\n<li>Pjes\u00ebmarrje aktive n\u00eb organizimin e konferenc\u00ebs paraministrore n\u00eb janar 2000 dhe konferenc\u00ebs ministrore n\u00eb mars 2000 etj.<\/li>\n<\/ul>\n<p>&nbsp;<\/p>\n<p>&nbsp;<\/p>\n<p style=\"color: #000000;\"><\/div><\/div>\n<p style=\"color: #000000;\"><div class=\"su-spoiler su-spoiler-style-fancy su-spoiler-icon-chevron su-spoiler-closed\" data-scroll-offset=\"0\" data-anchor-in-url=\"no\"><div class=\"su-spoiler-title\" tabindex=\"0\" role=\"button\"><span class=\"su-spoiler-icon\"><\/span>Naser Nuredini \u2013 minist\u00ebr  nga qershor 2019 deri n\u00eb shkurt 2023<\/div><div class=\"su-spoiler-content su-u-clearfix su-u-trim\">\n<p><a href=\"https:\/\/arhiva.moepp.gov.mk\/wp-content\/uploads\/2020\/10\/Minister_Naser_Nuredini.jpg\" rel=\"lightbox[4095]\"><img decoding=\"async\" loading=\"lazy\" class=\"alignleft size-full wp-image-23263\" src=\"https:\/\/arhiva.moepp.gov.mk\/wp-content\/uploads\/2020\/10\/Minister_Naser_Nuredini.jpg\" alt=\"Minister_Naser_Nuredini\" width=\"160\" height=\"231\" \/><\/a>Naser Nuredini ka lindur n\u00eb Tetov\u00eb t\u00eb Maqedonis\u00eb s\u00eb Veriut. Ai u shp\u00ebrngul n\u00eb Vjen\u00eb si f\u00ebmij\u00eb dhe u arsimua n\u00eb Shkoll\u00ebn nd\u00ebrkomb\u00ebtare t\u00eb Vjen\u00ebs para se t\u00eb mbaronte arsimin e lart\u00eb n\u00eb Mbret\u00ebrin\u00eb e Bashkuar.<\/p>\n<p>Naser Nuredini e nd\u00ebrtoi karrier\u00ebn e tij n\u00eb sfer\u00ebn e financave n\u00eb Lond\u00ebr dhe Vjen\u00eb, s\u00eb pari si analist dhe m\u00eb pas si menaxher investimesh p\u00ebr tregjet n\u00eb Evrop\u00ebn Qendrore dhe Lindore.<\/p>\n<p>Q\u00ebllimi i tij kryesor gjat\u00eb k\u00ebsaj periudhe ishte t\u00ebrheqja e investimeve cil\u00ebsore, t\u00eb pastra dhe t\u00eb gjelbra n\u00eb rajonin ku jeton, me \u00e7\u2019rast e orienton p\u00ebrvoj\u00ebn e tij nd\u00ebrkufitare\u00a0 t\u00eb jet\u00eb ur\u00eb lidh\u00ebse midis per\u00ebndimit dhe lindjes.<\/p>\n<p>Angazhimi i tij p\u00ebr ekonomin\u00eb e gjelb\u00ebr ka kontribuar t\u00eb arrihet nj\u00eb qasje moderne n\u00eb menaxhimin e mjedisit jet\u00ebsor q\u00eb krijon vende t\u00eb reja pune, kujdes sh\u00ebndet\u00ebsor dhe mir\u00ebqenie afatgjat\u00eb p\u00ebr banor\u00ebt e saj.<\/p>\n<p>&nbsp;<\/p>\n<p><strong>INFORMATA PERSONALE<\/strong><\/p>\n<p>Dit\u00eblindja: 23 Shtator 1979<\/p>\n<p>Vendlindja: Tetov\u00eb, Republika e Maqedonis\u00eb s\u00eb Veriut<\/p>\n<p>Statusi social: I martuar, baba i nj\u00eb f\u00ebmije<\/p>\n<p><strong>EKSPERIENCA<\/strong><\/p>\n<p>Prill 2016-\u00a0<strong>Nuredini GmbH, Vien\u00eb<\/strong>,<strong>\u00a0<\/strong>Drejtor,K\u00ebshilltar<\/p>\n<p>Shtator 2014 &#8211;\u00a0Mars 2016\u00a0<strong>Acquisitor ltd BVI and THAL Discretionary Fund BVI,<\/strong>\u00a0<strong>Vien\u00eb-Monako,\u00a0<\/strong>Drejtor mbi menaxhimin e aseteve dhe investimeve strategjike<\/p>\n<p>Mars 2013 &#8211;\u00a0Qeshor 2014\u00a0<strong>MKS Management,\u00a0<\/strong><strong>Vien\u00eb-Freiburg,\u00a0<\/strong>Konsulent<\/p>\n<p>Korrik 2011 &#8211;\u00a0N\u00ebntor2012\u00a0\u00a0<strong>ING Bank NV,<\/strong>\u00a0<strong>Lond\u00ebr,\u00a0<\/strong>Drejtor mbi investime n\u00eb korporatat e listuara n\u00eb tregun e Europ\u00ebs Lindore<\/p>\n<p>Korrik 2006 &#8211;\u00a0Korrik 2011\u00a0<strong>UniCredit CAIB UK Ltd.\/UniCredit Bank AG<\/strong>,\u00a0<strong>Lond\u00ebr,\u00a0<\/strong>Z\u00ebvend\u00ebskryetar mbi menaxhimin e investimeve n\u00eb Europ\u00ebn Lindore<\/p>\n<p>Dhjetor 2005 &#8211;\u00a0Qershor 2006\u00a0<strong>CAIB International Markets Ltd.<\/strong>,\u00a0<strong>Lond\u00ebr,\u00a0<\/strong>Analist i k\u00ebrkimit t\u00eb kapitalit q\u00eb mbulon kompanit\u00eb e listuara financiare dhe t\u00eb pasurive t\u00eb patundshme n\u00eb Europ\u00ebn Lindore<\/p>\n<p>Mars 2004 &#8211;\u00a0N\u00ebntor 2005 \u00a0<strong>B.P. Invest Consult<\/strong>,\u00a0<strong>Vien<\/strong><strong>\u00eb,\u00a0<\/strong>Analist<\/p>\n<p><strong>EDUKIMI<\/strong><\/p>\n<p>1998 &#8211; 2002 \u00a0\u00a0<strong>University of Brighton<\/strong>, East Sussex, BA (Hons) in \u201cInternational Business\u201c, Angli<\/p>\n<p>2000 &#8211; 2001 \u00a0\u00a0<strong>Fachhochschule Mainz<\/strong>\u00a0\u201cInternational Business\u201c, Gjermani<\/p>\n<p>1989 &#8211; 1998 \u00a0\u00a0<strong>Vienna International School<\/strong>\u00a0\u201cInternational Baccalaureate\u201d, Austri<\/p>\n<p>1986 &#8211; 1989 \u00a0\u00a0<strong>Shkolla Sabidin Bajrami,\u00a0<\/strong>Maqedonia e Veriut<\/p>\n<p><strong>AFT\u00cbSIT\u00cb<\/strong><\/p>\n<p>Gjuh\u00eb\u00a0 Rrjedhsh\u00ebm: Shqip, Anglisht, Gjermanisht<\/p>\n<p>Mesatar: Serb<\/p>\n<p><strong>T\u00cb TJERA<\/strong><\/p>\n<p>An\u00ebtar i FCA Mbret\u00ebria e Bashkuar e Anglis\u00eb<\/p>\n<p>An\u00ebtar i Xetra, Eurex dhe Euronext<\/p>\n<p>Organizim i dy aktiviteteve bamir\u00ebsie, siq jan\u00eb \u201cSt. Anna Kinderspital\u201d lidhur me luft\u00ebn kund\u00ebr kancerit, si dhe nje fond p\u00ebr f\u00ebmij\u00ebt me aft\u00ebsi t\u00eb kufizuara.<\/p>\n<\/div><\/div>\n<p style=\"color: #000000;\"><div class=\"su-spoiler su-spoiler-style-fancy su-spoiler-icon-chevron su-spoiler-closed\" data-scroll-offset=\"0\" data-anchor-in-url=\"no\"><div class=\"su-spoiler-title\" tabindex=\"0\" role=\"button\"><span class=\"su-spoiler-icon\"><\/span>Sadulla Duraku \u2013 minist\u00ebr  nga maji 2017 deri n\u00eb qershor 2019<\/div><div class=\"su-spoiler-content su-u-clearfix su-u-trim\">\n<p><strong><a href=\"https:\/\/arhiva.moepp.gov.mk\/wp-content\/uploads\/2017\/07\/Sadulla_Duraki.jpg\" rel=\"lightbox[4095]\"><img decoding=\"async\" loading=\"lazy\" class=\"alignleft size-full wp-image-12408\" src=\"https:\/\/arhiva.moepp.gov.mk\/wp-content\/uploads\/2017\/07\/Sadulla_Duraki.jpg\" alt=\"Sadulla_Duraki\" width=\"164\" height=\"207\" \/><\/a><\/strong><\/p>\n<p>&#8211; <strong>Sadulla Duraku<\/strong> ka lindur m\u00eb 21 janar 1960 n\u00eb Kumanov\u00eb, Republika e Maqedonis\u00eb s\u00eb Veriut. Ka diplomuar n\u00eb Prishtin\u00eb, n\u00eb Fakultetin Teknik \u2013 Inxhinieri Mekanike, ku ka fituar titullin inxhinier n\u00eb inxhinieri mekanike.<\/p>\n<p>P\u00ebrvoj\u00ebn e pun\u00ebs e filloi n\u00eb vitin 1995 si profesor n\u00eb Shkoll\u00ebn e Mesme Ekonomike \u201cPero Nakov\u201d n\u00eb Kumanov\u00eb, po t\u00eb nj\u00ebjtin vit ligj\u00ebroi edhe n\u00eb Shkoll\u00ebn e Mesme Teknike \u201cKiro Burnaz\u201d n\u00eb Kumanov\u00eb. N\u00eb vitin 2000 em\u00ebrohet drejtor i Drejtoris\u00eb doganore t\u00eb Republik\u00ebs s\u00eb Maqedonis\u00eb s\u00eb Veriut, at\u00eb pozit\u00eb e mbajti deri n\u00eb vitin 2002. N\u00eb vitin 2002 em\u00ebrohet z\u00ebvend\u00ebsdrejtor i Drejtoris\u00eb doganore t\u00eb Republik\u00ebs s\u00eb Maqedonis\u00eb s\u00eb Veriut. N\u00eb vitin 2004 em\u00ebrohet Minist\u00ebr i Bujq\u00ebsis\u00eb, Pylltaris\u00eb dhe Ekonomis\u00eb s\u00eb Uj\u00ebrave. N\u00eb vitin 2006 \u00ebsht\u00eb zgjedhur deputet n\u00eb Kuvendin e Republik\u00ebs s\u00eb Maqedonis\u00eb s\u00eb Veriut. N\u00eb vitin 2008 em\u00ebrohet drejtor i Agjencis\u00eb p\u00ebr Zhvillim dhe Investime, pozit\u00ebn drejtor e ka mbajtur deri n\u00eb vitin 2009, n\u00eb t\u00eb nj\u00ebjtin vit 2009 \u00ebsht\u00eb zgjedhur kryetar i Komun\u00ebs s\u00eb Likov\u00ebs, postin e kryetarit t\u00eb Komun\u00ebs s\u00eb Likov\u00ebs e ka mbajtur edhe pas zgjedhjeve lokale n\u00eb vitin 2013. N\u00eb vitin 2017 \u00ebsht\u00eb em\u00ebruar Minist\u00ebr i Mjedisit Jet\u00ebsor dhe Planifikimit Hap\u00ebsinor.<\/p>\n<p>Sadulla Duraku \u00ebsht\u00eb i martuar, baba i nj\u00eb f\u00ebmije (vajz\u00eb). Flet shqip (gjuh\u00ebn amtare) dhe pjes\u00ebrisht maqedonisht dhe gjermanisht.<\/p>\n<p><strong>\u00a0<\/strong><\/p>\n<p style=\"color: #000000;\"><\/div><\/div>\n<p><span style=\"color: #000000;\"><div class=\"su-spoiler su-spoiler-style-fancy su-spoiler-icon-chevron su-spoiler-closed\" data-scroll-offset=\"0\" data-anchor-in-url=\"no\"><div class=\"su-spoiler-title\" tabindex=\"0\" role=\"button\"><span class=\"su-spoiler-icon\"><\/span>Bashkim Ameti \u2013 minist\u00ebr  nga prilli 2016 deri n\u00eb maj 2017<\/div><div class=\"su-spoiler-content su-u-clearfix su-u-trim\"><\/span><\/p>\n<p><strong><a href=\"https:\/\/arhiva.moepp.gov.mk\/wp-content\/uploads\/2014\/11\/baskim_ameti_m111.jpg\" rel=\"lightbox[4095]\"><img decoding=\"async\" loading=\"lazy\" class=\"alignnone size-full wp-image-9076\" src=\"https:\/\/arhiva.moepp.gov.mk\/wp-content\/uploads\/2014\/11\/baskim_ameti_m111.jpg\" alt=\"baskim_ameti_m111\" width=\"150\" height=\"208\" \/><\/a><\/strong><\/p>\n<p><strong>\u00a0<\/strong><strong>Emri dhe mbiemri:<\/strong> Bashkim Ameti<\/p>\n<p><strong>Adresa:<\/strong> Rruga 1 nr.69, Gllumov\u00eb, Shkup<\/p>\n<p><strong>Dat\u00eblindja:<\/strong> 24.03.1983.<\/p>\n<p><strong>Komb\u00ebsia: <\/strong>Shqiptare<\/p>\n<p><strong>Arsimi:<\/strong><\/p>\n<p>Fakulteti Juridik n\u00eb Universitetin e EJL-s\u00eb n\u00eb Tetov\u00eb (2002-2007)<\/p>\n<p>Provimi juridik<\/p>\n<p>Provimi noterial<\/p>\n<p><strong>Trajnime dhe kurse:<\/strong><\/p>\n<p>Shkolla p\u00ebr Politikan\u00ebt e Rinj (2011) \u2013 Fondacioni Friedrich Ebert<\/p>\n<p><strong>Eksperience pune:<\/strong><\/p>\n<p>D.P.P.U Getoar (2007)<\/p>\n<p>Zyra e avokatis\u00eb (2008-2009)<\/p>\n<p>Fondi i Sigurimit t\u00eb Pensionit dhe Invaliditetit t\u00eb Republik\u00ebs s\u00eb Moldavis\u00eb (2009-2013)<\/p>\n<p>Ministria e Drejt\u00ebsis\u00eb e R.M.<\/p>\n<p>Agjencia e Menaxhimit t\u00eb Pronave t\u00eb P\u00ebrjashtuara<\/p>\n<p>An\u00ebtar i Bordit Administrativ t\u00eb AKN-s\u00eb t\u00eb R.M<\/p>\n<p>An\u00ebtar i K\u00ebshillit Profesional t\u00eb Dhom\u00ebs s\u00eb Ekzekutiv\u00ebve t\u00eb R.M<\/p>\n<p>An\u00ebtar i K\u00ebshillit t\u00eb Qytetit t\u00eb Shkupit (2013)<\/p>\n<p><strong>Gjuh\u00ebt:<\/strong> shqip (amtare), maqedonisht (rrjedhsh\u00ebm), anglisht (pjessh\u00ebm)<\/p>\n<p><strong><em>Minist\u00ebr i Mjedisit <\/em><\/strong><strong><em>Jet\u00ebsor <\/em><\/strong><strong><em>dhe Planifikimit Hap\u00ebsinor n\u00eb Qeverin\u00eb e Republik\u00ebs s\u00eb Maqedonis\u00eb nga 5 prilli 2016. deri me 31.05.2017<\/em><\/strong><\/p>\n<\/div><\/div>\n<p style=\"color: #000000;\"><div class=\"su-spoiler su-spoiler-style-fancy su-spoiler-icon-chevron su-spoiler-closed\" data-scroll-offset=\"0\" data-anchor-in-url=\"no\"><div class=\"su-spoiler-title\" tabindex=\"0\" role=\"button\"><span class=\"su-spoiler-icon\"><\/span>Nurhan Izairi \u2013 minist\u00ebr nga qershori 2014 deri n\u00eb prill 2016<\/div><div class=\"su-spoiler-content su-u-clearfix su-u-trim\">\n<p><strong>NURHAN IZAIRI<\/strong><\/p>\n<p><strong><img decoding=\"async\" class=\"alignleft\" src=\"https:\/\/arhiva.moepp.gov.mk\/wp-content\/uploads\/2014\/09\/min1_1.jpg\" alt=\"\" \/>Viti dhe vendi i lindjes<\/strong><\/p>\n<p>16.11.1961, Tetov\u00eb, Republika e Maqedonis\u00eb<\/p>\n<p><strong>Vendbanimi<\/strong><\/p>\n<p>Fshati Pal\u00e7isht i Posht\u00ebm, komuna e Bogovin\u00ebs<\/p>\n<p><strong>Gjendja martesore<\/strong><\/p>\n<p>I martuar, baba i 3 f\u00ebmij\u00ebve<\/p>\n<p><strong>Komb\u00ebsia:<\/strong><\/p>\n<p>shqiptare<\/p>\n<p><strong>Shtet\u00ebsia:<\/strong><\/p>\n<p>Republika e Maqedonis\u00eb<\/p>\n<p><strong>ARSIMI<\/strong><\/p>\n<p>2013 Doktorant i Arkitektur\u00ebs dhe Urbanistik\u00ebs, Fakulteti i Arkitektur\u00ebs n\u00eb Sarajev\u00eb,<\/p>\n<p>2004 Master n\u00eb Menaxhimin e Mjedisit Urban<\/p>\n<p>1989 Diplomoi n\u00eb Fakultetin e Arkitektur\u00ebs n\u00eb Prishtin\u00eb<\/p>\n<p>1980 Arsimi i mes\u00ebm Tetov\u00eb &#8211; &#8220;Kiril Pej\u00e7inoviq&#8221;<\/p>\n<p><strong>Njohuri t\u00eb gjuh\u00ebve<\/strong><\/p>\n<p>Shqip, amtare<\/p>\n<p>Anglisht, shk\u00eblqyesh\u00ebm<\/p>\n<p>gjermanisht, shk\u00eblqyesh\u00ebm<\/p>\n<p>Fr\u00ebngjisht, shk\u00eblqyesh\u00ebm<\/p>\n<p>Serbe, shk\u00eblqyesh\u00ebm<\/p>\n<p><strong>EKSPERIENC\u00cb PROFESIONALE<\/strong><\/p>\n<p>Projektues n\u00eb Grava S A \u2013 BIL-BIENE, Zvic\u00ebr 1989-1990<\/p>\n<p>Projektues n\u00eb Zyr\u00ebn Arkitekturore RITZ HANS, Zvic\u00ebr 1991-1993<\/p>\n<p>Themelues i byros\u00eb s\u00eb projektit ATELIE 2, Tetov\u00eb 1993<\/p>\n<p>Zhvillimi i Projektit Studim p\u00ebr Mbrojtjen e Liqenit te Ohrit DAR, Gjermani &#8211; 2000<\/p>\n<p>Licenc\u00eb p\u00ebr planifikim hap\u00ebsinor dhe urbanistik \u2013 2005<\/p>\n<p>Z\u00ebvend\u00ebskryetari i Komisionit p\u00ebr diga &#8211; Ministria e Mjedisit Jet\u00ebsor dhe Planifikimit Hap\u00ebsinor 2012-2014<\/p>\n<p>Z\u00ebvend\u00ebskryetar i K\u00ebshillit Mbik\u00ebqyr\u00ebs \u2013 Drejtoria e Rrug\u00ebve \u2013 2012<\/p>\n<p><strong>KUALIFIKIMET<\/strong><\/p>\n<p>P\u00ebrvoj\u00eb profesionale mbi 25 vje\u00e7are n\u00eb fush\u00ebn e planifikimit hap\u00ebsinor dhe urbanistik si dhe pjes\u00ebmarrje aktive n\u00eb p\u00ebrgatitjen e dokumenteve planifikuese p\u00ebr mbrojtjen e mjedisit, hartimin dhe zhvillimin e planeve urbanistike dhe menaxhimin e tyre.<\/p>\n<p><strong>Nga qershori 2014 deri m\u00eb 04.04.2016 minist\u00ebr i Mjedisit <\/strong><strong>Jet\u00ebsor <\/strong><strong>dhe Planifikimit Hap\u00ebsinor n\u00eb Qeverin\u00eb e Republik\u00ebs s\u00eb Maqedonis\u00eb<\/strong><\/p>\n<p style=\"color: #000000;\"><\/div><\/div>\n<p style=\"color: #000000;\"><div class=\"su-spoiler su-spoiler-style-fancy su-spoiler-icon-chevron su-spoiler-closed\" data-scroll-offset=\"0\" data-anchor-in-url=\"no\"><div class=\"su-spoiler-title\" tabindex=\"0\" role=\"button\"><span class=\"su-spoiler-icon\"><\/span>Abdylaqim Ademi \u2013 minist\u00ebr nga korriku 2011 deri n\u00eb qershor 2014<\/div><div class=\"su-spoiler-content su-u-clearfix su-u-trim\">\n<p><a href=\"https:\/\/arhiva.moepp.gov.mk\/wp-content\/uploads\/2015\/01\/abdulakjim-ademi.jpg\" rel=\"lightbox[4095]\"><img decoding=\"async\" loading=\"lazy\" class=\"size-full wp-image-4101 alignleft\" src=\"https:\/\/arhiva.moepp.gov.mk\/wp-content\/uploads\/2015\/01\/abdulakjim-ademi.jpg\" alt=\"abdulakjim ademi\" width=\"149\" height=\"209\" \/><\/a><\/p>\n<p><strong>1. T\u00eb dh\u00ebnat personale:<\/strong><\/p>\n<p><strong>\u2022 Emri dhe mbiemri: <\/strong>Abdilaqim Ademi<\/p>\n<p><strong>\u2022 Dat\u00eblindja: <\/strong>20.12.1969<\/p>\n<p><strong>\u2022 Vendlindja: <\/strong>Shemshov\u00eb, Tetov\u00eb<\/p>\n<p><strong>\u2022 Gjendja martesore: <\/strong>I martuar, baba i nj\u00eb f\u00ebmije<\/p>\n<p><strong>\u00a0<\/strong><\/p>\n<p><strong>2. Arsimi:<\/strong><\/p>\n<ul>\n<li>Elementare: \u201cDame Gruev\u201d \u2013 Shemshov\u00eb<\/li>\n<li>E mesme: Gjimnazi &#8220;Kiril Pej\u00e7inoviq&#8221; &#8211; Tetov\u00eb, Matematik\u00eb &#8211; Informatik\u00eb.<\/li>\n<li>Arsimi i lart\u00eb: Inxhinier i diplomuar n\u00eb Metalurgji, Fakulteti Politeknik, Tiran\u00eb, 1996<\/li>\n<li>Master i Shkencave Teknike &#8211; 2011: Universiteti i Prishtin\u00ebs, drejtimi: &#8220;Analiza dhe p\u00ebrdorimi i materialeve&#8221;, projekt i p\u00ebrbashk\u00ebt me Universitetin Teknik &#8211; Freiburg, Gjermani 2011. Tema: &#8220;Analiza e hirit t\u00eb TC &#8220;Oslomej&#8221;, p\u00ebr p\u00ebrdorim n\u00eb prodhimtarin\u00eb e \u00e7imentos&#8221;.<\/li>\n<li>Doktorant n\u00eb Fakultetin Teknologjik \u2013 Metalurgjik UKIM Shkup,<\/li>\n<li>Bursist i DAAD \u2013 Fondacioni Gjerman p\u00ebr Bashk\u00ebpunim Nd\u00ebrkomb\u00ebtar<\/li>\n<\/ul>\n<p><strong>3. Trajnime dhe kurse:<\/strong><\/p>\n<ul>\n<li>Trajnim n\u00eb Institutin p\u00ebr Materiale Nd\u00ebrtimi dhe Qelqi n\u00eb Universitetin Teknik t\u00eb Freiburgut \u2013 Gjermani.<\/li>\n<li>Shkoll\u00eb p\u00ebr politikan\u00eb t\u00eb rinj<\/li>\n<li>Trajnim p\u00ebr hartimin e politikave<\/li>\n<\/ul>\n<p><strong>4. P\u00ebrvoja e pun\u00ebs:<\/strong><\/p>\n<ul>\n<li>2002 \u2013 2006 Deputet i Republik\u00ebs s\u00eb Maqedonis\u00eb<\/li>\n<\/ul>\n<p>Komisioni p\u00ebr \u00c7\u00ebshtje Ekonomike \u2013 kryetar i Komisionit<\/p>\n<p>Komisioni p\u00ebr marr\u00ebdh\u00ebnie nd\u00ebrmjet bashk\u00ebsive &#8211; an\u00ebtar i Komisionit<\/p>\n<p>Komisioni p\u00ebr financim dhe buxhet \u2013 an\u00ebtar i Komisionit<\/p>\n<p>Komisioni p\u00ebr Transport, Lidhje dhe Ekologji \u2013 an\u00ebtar i Komisionit<\/p>\n<ul>\n<li>2006-2007 an\u00ebtar i Bordit t\u00eb Drejtor\u00ebve n\u00eb SHA &#8220;GA-MA&#8221; &#8211; Shkup.<\/li>\n<li>2004-2006 Asistent n\u00eb Universitetin Shtet\u00ebror n\u00eb Tetov\u00eb, l\u00ebnda &#8220;Analiza e materialeve nd\u00ebrtimore&#8221;<\/li>\n<li>2007-2008 NP \u201cGjeoinxhinieri\u201d \u2013 Tetov\u00eb<\/li>\n<li>2008-2011 Z\u00ebvend\u00ebs i Presidentit t\u00eb Qeveris\u00eb s\u00eb Republik\u00ebs s\u00eb Maqedonis\u00eb, p\u00ebrgjegj\u00ebs p\u00ebr zbatimin e Marr\u00ebveshjes Korniz\u00eb<\/li>\n<\/ul>\n<p>Komisioni i Sistemit Politik \u2013 N\u00ebnkryetar<\/p>\n<ul>\n<li>2009- An\u00ebtar i K\u00ebshillit t\u00eb Sigurimit t\u00eb Republik\u00ebs s\u00eb Maqedonis\u00eb<\/li>\n<li>2011-2014 \u2013 Minist\u00ebr i Mjedisit Jet\u00ebsor dhe Planifikimit Hap\u00ebsinor<\/li>\n<\/ul>\n<p>K\u00ebshilli Ekonomik \u2013 an\u00ebtar<\/p>\n<p>Komisioni p\u00ebr sistemin ekonomik dhe politikat aktuale ekonomike \u2013 an\u00ebtar<\/p>\n<p>Komisioni i Turizmit \u2013 an\u00ebtar<\/p>\n<p>Komisioni i Mbeturinave \u2013 an\u00ebtar<\/p>\n<p>Komisioni p\u00ebr Sh\u00ebndet\u00ebsi dhe Mjedis Jet\u00ebsor \u2013 an\u00ebtar<\/p>\n<p>Komisioni p\u00ebr l\u00ebnd\u00eb t\u00eb para minerale \u2013 an\u00ebtar<\/p>\n<p><strong>5. Veprimtarit\u00eb politike:<\/strong><\/p>\n<p>An\u00ebtar i Bordit Qendror t\u00eb Bashkimit Demokratik p\u00ebr Integrim 2002 -\u2026.<\/p>\n<p>Kryetar i Deg\u00ebs s\u00eb BDI-s\u00eb n\u00eb Komun\u00ebn e Jegunovc\u00ebs 2005 \u2013 2009<\/p>\n<p>Sekretari i P\u00ebrgjithsh\u00ebm i Bashkimit Demokratik p\u00ebr Integrim 2009 \u2013 2014, 2014-<\/p>\n<p><strong>6. Projektet:<\/strong><\/p>\n<ul>\n<li>Projekt me Institutin Komb\u00ebtar Demokratik, Vizit\u00eb Studimore n\u00eb Senatin e Mi\u00e7igenit, Senatin e SHBA-s\u00eb dhe DSD-n\u00eb.<\/li>\n<li>Projekte me Institutin Komb\u00ebtar Republikan<\/li>\n<li>Projekte dhe trajnime n\u00ebn patronazhin e Fondacionit Fridrih Egbert<\/li>\n<li>Projektet me Nansen Dialog Center &#8211; Shkup, Organizat\u00eb joqeveritare<\/li>\n<li>Seminare dialogu p\u00ebr prind\u00ebr nga komuna e Jegunovcit &#8211; negociata, organizimi i takimeve, si dhe pjes\u00ebmarrja n\u00eb seminare dhe monitorimi i rezultateve si pjes\u00eb e projektit (2005-2007)<\/li>\n<li>Seminare dialogu me autoritetet lokale nga komuna e Jegunovcit (2005-2006)<\/li>\n<\/ul>\n<p>Vizit\u00eb studimore n\u00eb Norvegji (2006)<\/p>\n<ul>\n<li>Si p\u00ebrfaq\u00ebsues i Bordit t\u00eb Shkoll\u00ebs n\u00eb seminare p\u00ebr ngritjen e vet\u00ebdijes p\u00ebr pjes\u00ebmarrjen aktive t\u00eb prind\u00ebrve n\u00eb shkolla n\u00eb mjedise multietnike.(2007)<\/li>\n<li>Ndihma n\u00eb ngritjen e kurseve joformale p\u00ebr f\u00ebmij\u00eb me prejardhje t\u00eb ndryshme etnike p\u00ebr IT, anglisht, shqip dhe maqedonisht (2005)<\/li>\n<li>Bashk\u00ebpunimi dhe ndihma e NDC Shkup p\u00ebr realizimin e projekteve p\u00ebr uj\u00ebsjell\u00ebs, p\u00ebr sport shkollor, p\u00ebr rehabilitimin e shkollave n\u00eb k\u00ebt\u00eb komun\u00eb, p\u00ebr projekte t\u00eb ndryshme bujq\u00ebsore dhe t\u00eb tjera n\u00eb fush\u00ebn e urbanistik\u00ebs (2005-2007)<\/li>\n<li>Si person kontaktues dhe k\u00ebshillues p\u00ebr \u00e7do vizit\u00eb nd\u00ebrkomb\u00ebtare, organizimin dhe menaxhimin e tyre (nga viti 2005 e tutje)<\/li>\n<li>Nj\u00eb nga iniciator\u00ebt dhe mb\u00ebshtet\u00ebsit kryesor\u00eb p\u00ebr hartimin dhe zbatimin e nj\u00eb programi eksplicit p\u00ebr p\u00ebrfshirjen aktive t\u00eb prind\u00ebrve n\u00eb sistemin arsimor \u2013 vendosja e kontakteve me prind\u00ebrit dhe m\u00ebsuesit (2007)<\/li>\n<\/ul>\n<p><strong>7. Seminare dhe simpoziume:<\/strong><\/p>\n<ul>\n<li>Pjes\u00ebmarr\u00ebs n\u00eb seminare shkencore dhe politike<\/li>\n<li>Pjes\u00ebmarr\u00ebs i simpoziumeve shkencore n\u00eb Tetov\u00eb, Tiran\u00eb, Vlor\u00eb (Shqip\u00ebri), Prishtin\u00eb (Kosov\u00eb)<\/li>\n<\/ul>\n<p><strong>8. Gjuh\u00ebt<\/strong><\/p>\n<ul>\n<li>Gjuh\u00eb shqipe (amtare)<\/li>\n<li>Gjuh\u00eb maqedonase<\/li>\n<li>Gjuh\u00eb italiane<\/li>\n<\/ul>\n<p><strong>9. Aft\u00ebsi kompjuterike<\/strong><\/p>\n<ul>\n<li>Microsoft office (Word, excel, power point, akses)<\/li>\n<\/ul>\n<p style=\"color: #000000;\"><\/div><\/div>\n<div class=\"su-spoiler su-spoiler-style-fancy su-spoiler-icon-chevron su-spoiler-closed\" data-scroll-offset=\"0\" data-anchor-in-url=\"no\"><div class=\"su-spoiler-title\" tabindex=\"0\" role=\"button\"><span class=\"su-spoiler-icon\"><\/span>Dr. Nexhati Jakupi \u2013 minist\u00ebr nga korriku 2008 dei n\u00eb korrik 2011<\/div><div class=\"su-spoiler-content su-u-clearfix su-u-trim\">\n<p><span style=\"color: #000080;\"><strong><a href=\"https:\/\/arhiva.moepp.gov.mk\/wp-content\/uploads\/2015\/01\/Jakupi.jpg\" rel=\"lightbox[4095]\"><img decoding=\"async\" loading=\"lazy\" class=\"size-full wp-image-4104 alignleft\" src=\"https:\/\/arhiva.moepp.gov.mk\/wp-content\/uploads\/2015\/01\/Jakupi.jpg\" alt=\"Jakupi\" width=\"150\" height=\"226\" \/><\/a><\/strong><\/span><\/p>\n<p>&nbsp;<\/p>\n<p><strong>Dat\u00eblindja:<\/strong> 10.07.1973.<\/p>\n<p><strong>Vendlindja:<\/strong> Gostivar<\/p>\n<p><strong>Edukimi:<\/strong> Fakulteti i Mjek\u00ebsis\u00eb &#8211; Universiteti i Mjek\u00ebsis\u00eb Sofje, Bullgari.<\/p>\n<p>&nbsp;<\/p>\n<p>Specializimi n\u00eb Kirurgjin\u00eb e P\u00ebrgjithshme &#8211; Fakulteti i Mjek\u00ebsis\u00eb &#8211; Shkup<\/p>\n<p>P\u00ebrvoja e pun\u00ebs: O\u041f\u0421\u0425 &#8220;Medical&#8221; -1 &#8211; Gostivar<\/p>\n<p>&#8211; Komiteti Norvegjez i Refugjat\u00ebve \u2013 kampi i refugjat\u00ebve \u2013 \u00c7egran<\/p>\n<p>&#8211; Qendra Sh\u00ebndet\u00ebsore &#8211; Gostivar<\/p>\n<p>&#8211; Qendra mjek\u00ebsore &#8211; Gostivar<\/p>\n<p>&#8211; Klinika Kirurgjike &#8211; Qendra Klinike Shtet\u00ebrore &#8211; Shkup<\/p>\n<p><strong>Trajnime dhe kurse:<\/strong><\/p>\n<p>&#8211; Konflikti dhe komunikimi: Udh\u00ebzues p\u00ebrmes labirintit p\u00ebr menaxhimin e krizave &#8211; Instituti i Shoq\u00ebris\u00eb s\u00eb Hapur<\/p>\n<p>&#8211; Trajnim p\u00ebr k\u00ebshilltar\u00ebt bashkiak\u00eb t\u00eb sapozgjedhur \u2013 NDI<\/p>\n<p>&#8211; Programi p\u00ebr certifikimin e lider\u00ebve lokal\u00eb \u2013 USAID<\/p>\n<p>&#8211; Trusti Ballkanik p\u00ebr Demokraci nd\u00ebrtohet n\u00eb Evrop\u00ebn Juglindore \u2013 USAID<\/p>\n<p>&#8211; Kthimi i refugjat\u00ebve \u2013 USAI<\/p>\n<p>&#8211; K\u00ebshilli Amerikan i Lider\u00ebve t\u00eb Rinj Politik\u00eb \u2013 Programi Komb\u00ebtar i Studimit Zgjedhor<\/p>\n<p>&#8211; Seminar p\u00ebr decentralizim \u2013 MCMS<\/p>\n<p><strong>Projektet:<\/strong><\/p>\n<p>&#8211; Luftimi i s\u00ebmundjeve t\u00eb var\u00ebsis\u00eb dhe zvog\u00eblimi i d\u00ebmit nga p\u00ebrdorimi i tyre &#8211; IPG, HOPS, HELP<\/p>\n<p>&#8211; realizimi i projektit t\u00eb Komitetit Norvegjez t\u00eb Ndihm\u00ebs &#8211; NORWAK: QENDRA EMERGJENTE dhe Nj\u00ebsia e kujdesit intensiv n\u00eb Spitalin e P\u00ebrgjithsh\u00ebm n\u00eb Gostivar.<\/p>\n<p><strong>Aktivitete tjera:<\/strong><\/p>\n<p>&#8211; Asistent i deputet\u00ebve n\u00eb zyr\u00ebn p\u00ebr kontakt me qytetar\u00ebt n\u00eb Gostivar 2002-2004<\/p>\n<p>&#8211; N\u00ebnkryetar i Komun\u00ebs s\u00eb Gostivarit<\/p>\n<p><strong><em>Nga 26.07.2008 deri m\u00eb 28.07.2011 minist\u00ebr i Mjedisit Jet\u00ebsor dhe Planifikimit Hap\u00ebsinor n\u00eb Qeverin\u00eb e Republik\u00ebs s\u00eb Maqedonis\u00eb.<\/em><\/strong><\/p>\n<\/div><\/div>\n<p style=\"color: #000000;\"><div class=\"su-spoiler su-spoiler-style-fancy su-spoiler-icon-chevron su-spoiler-closed\" data-scroll-offset=\"0\" data-anchor-in-url=\"no\"><div class=\"su-spoiler-title\" tabindex=\"0\" role=\"button\"><span class=\"su-spoiler-icon\"><\/span>Xhellil Bajrami \u2013 minist\u00ebr nga shkurti 2007 n\u00eb korrik 2008<\/div><div class=\"su-spoiler-content su-u-clearfix su-u-trim\">\n<p style=\"color: #000000;\"><strong>\u00a0<strong><a href=\"https:\/\/arhiva.moepp.gov.mk\/wp-content\/uploads\/2015\/01\/DzBajrami.jpg\" rel=\"lightbox[4095]\"><img decoding=\"async\" loading=\"lazy\" class=\"size-full wp-image-4105 alignleft\" src=\"https:\/\/arhiva.moepp.gov.mk\/wp-content\/uploads\/2015\/01\/DzBajrami.jpg\" alt=\"DzBajrami\" width=\"150\" height=\"225\" \/><\/a><\/strong><\/strong><strong>Emri dhe mbiemri:<\/strong> Xhelil Bajrami<\/p>\n<p><strong>Dat\u00eblindja:<\/strong> 21.08.1973<\/p>\n<p><strong>Vendlindja:<\/strong> Tetov\u00eb<\/p>\n<p><strong>Komb\u00ebsia:<\/strong> Shqiptare<\/p>\n<p><strong>ARSIMI:<\/strong><\/p>\n<p><strong>1992 &#8211;<\/strong> Shkolla e mesme &#8211; &#8220;Zef Lush Marku&#8221; &#8211; Shkup<\/p>\n<p><strong>1994\/98 \u2013<\/strong> Diplomuar n\u00eb Universitetin e Tiran\u00ebs, Fakulteti Filologjik, dega Histori &#8211; Gjeografi.<\/p>\n<p><strong>KARRIERA E PUN\u00cbS:<\/strong><\/p>\n<p><strong>2002\/03 \u2013<\/strong> Profesor n\u00eb shkoll\u00ebn e mesme \u201cPan\u00e7e Popovski\u201d n\u00eb Gostivar.<\/p>\n<p><strong>2003\/06 &#8211;<\/strong> Kryetar i organizat\u00ebs &#8220;Gjenerata e Re Shqiptare&#8221; p\u00ebr Maqedonin\u00eb me seli n\u00eb SHBA (Nju Jork)<\/p>\n<p><strong>2004\/06<\/strong> &#8211; An\u00ebtar i Bordit &#8220;Forumi Shqiptar i Lir\u00eb&#8221; &#8211; Tiran\u00eb<\/p>\n<p><strong>2004\/06<\/strong> \u2013 An\u00ebtar i Shoqat\u00ebs s\u00eb Miq\u00ebsis\u00eb \u201cShqip\u00ebri \u2013 Izrael\u201d<\/p>\n<p><strong>2005\/06 \u2013<\/strong> Kryetar i Rinis\u00eb dhe z\u00ebdh\u00ebn\u00ebs i Partis\u00eb p\u00ebr Prosperitet Demokratik (PPD)<\/p>\n<p><strong>Shtator 2005\/Mars 2006 \u2013<\/strong> N\u00ebnkryetar i Partis\u00eb p\u00ebr Prosperitet Demokratik (PPD)<\/p>\n<p><strong>Mars 2006 \u2013<\/strong> An\u00ebtar i Kryesis\u00eb s\u00eb Partis\u00eb Demokratike t\u00eb Shqiptar\u00ebve (PDSH)<\/p>\n<p><strong>Nga shkurti 2007 deri n\u00eb korrik 2008, minist\u00ebr i Mjedisit Jet\u00ebsor dhe Planifikimit Hap\u00ebsinor n\u00eb Qeverin\u00eb e Republik\u00ebs s\u00eb Maqedonis\u00eb<\/strong><\/p>\n<p><strong>TRAJNIME:<\/strong><\/p>\n<p><strong>2000 &#8211;<\/strong> Trajnim nga NDC (Nansen Dialog Center) &#8211; &#8220;Zgjidhja e konflikteve n\u00eb m\u00ebnyr\u00eb paq\u00ebsore&#8221; &#8211; Oh\u00ebr<\/p>\n<p><strong>2004 \u2013<\/strong> \u201cLider\u00eb me karakter dhe dinjitet\u201d \u2013 Sarand\u00eb organizuar nga \u201cFLSH\u201d<\/p>\n<p><strong>2005 &#8211;<\/strong> ROM &#8211; Programi p\u00ebr zhvillimin dhe p\u00ebrgatitjen e lider\u00ebve t\u00eb rinj politik\u00eb &#8211; Kroaci, Fu\u017eine.<\/p>\n<p><strong>MODERATOR I SEMINAREVE T\u00cb NDRYSHME:<\/strong><\/p>\n<p><strong>1. Shkup 2006,<\/strong> Pjes\u00ebmarr\u00ebse: Partit\u00eb e Djathta n\u00eb Republik\u00ebn e Maqedonis\u00eb, \u201cPerspektivat euroatlantike t\u00eb Republik\u00ebs s\u00eb Maqedonis\u00eb&#8221;<\/p>\n<p><strong>2. Tetov\u00eb 2006,<\/strong> &#8220;Rinia dhe sfidat evropiane&#8221;<\/p>\n<p><strong>3. Gostivar 2006,<\/strong> &#8220;NATO &#8211; Organizimi Politik dhe Ushtarak &#8211; Vendi i Maqedonis\u00eb&#8221;<\/p>\n<p><strong>AFTESI KOMPJUTERIKE:<\/strong><\/p>\n<p>Microsoft Word, Excel, Power Point, Internet.<\/p>\n<p><strong>GJUH\u00cbT:<\/strong><\/p>\n<p>Gjuh\u00eb amtare \u2013 shqip, anglisht, maqedonisht, serbisht dhe kroatisht.<\/p>\n<p style=\"color: #000000;\"><\/div><\/div>\n<div class=\"su-spoiler su-spoiler-style-fancy su-spoiler-icon-chevron su-spoiler-closed\" data-scroll-offset=\"0\" data-anchor-in-url=\"no\"><div class=\"su-spoiler-title\" tabindex=\"0\" role=\"button\"><span class=\"su-spoiler-icon\"><\/span>Ymer Aliu \u2013 minist\u00ebr nga gushti 2006 deri n\u00eb shkurt 2007<\/div><div class=\"su-spoiler-content su-u-clearfix su-u-trim\">\n<p><strong><a href=\"https:\/\/arhiva.moepp.gov.mk\/wp-content\/uploads\/2015\/01\/Imer-Aliu.jpg\" rel=\"lightbox[4095]\"><img decoding=\"async\" loading=\"lazy\" class=\"size-full wp-image-4106 alignleft\" src=\"https:\/\/arhiva.moepp.gov.mk\/wp-content\/uploads\/2015\/01\/Imer-Aliu.jpg\" alt=\"Imer Aliu\" width=\"148\" height=\"215\" \/><\/a><\/strong><\/p>\n<p><strong>Emri dhe mbiemri:<\/strong> IMER ALIU<\/p>\n<p><strong>Dat\u00eblindja:<\/strong> 26.03.1977<\/p>\n<p><strong>Vendi: <\/strong>f. Sllatin\u00eb \u2013 Tetov\u00eb<\/p>\n<p><strong>Komb\u00ebsia:<\/strong> Shqiptare<\/p>\n<p><strong>ARSIMI:<\/strong><\/p>\n<p><strong>2004 \u00a0<\/strong>Jurist i diplomuar UEJL &#8211; Tetov\u00eb<\/p>\n<p><strong>2006<\/strong> Studimet pasuniversitare n\u00eb administrat\u00eb publike komparative me Bashkimin Evropian (semestri i dyt\u00eb) UEJL-Tetov\u00eb.<\/p>\n<p><strong>PUN\u00cbSIMI:<\/strong><\/p>\n<p><strong>2004-2005<\/strong> Koordinator n\u00eb Qendr\u00ebn Informative, Komuna e Tearc\u00ebs;<\/p>\n<p><strong>2005<\/strong> z\u00ebdh\u00ebn\u00ebs i PDSH-s\u00eb;<\/p>\n<p>GJUH\u00cbT:<\/p>\n<p>shqip, maqedonisht dhe anglisht.<\/p>\n<p><strong>NJOHURI DHE INTERES:<\/strong><\/p>\n<p><strong>Kompjuter\u00eb:<\/strong> Word, Excel, Photoshop, Internet etj.;<\/p>\n<p><strong>AKTIVITETET POLITIKE:<\/strong><\/p>\n<p><strong>2005<\/strong> Z\u00ebdh\u00ebn\u00ebs i PDSH-s\u00eb dhe an\u00ebtar i kryesis\u00eb s\u00eb PDSH-s\u00eb<\/p>\n<p><strong><em>Nga gushti 2006 deri n\u00eb shkurt 2007 minist\u00ebr i Mjedisit Jet\u00ebsor dhe Planifikimit Hap\u00ebsinor n\u00eb Qeverin\u00eb e Republik\u00ebs s\u00eb\u00a0<strong><em>Maqedonis\u00eb.<\/em><\/strong><\/em><\/strong><\/p>\n<\/div><\/div>\n<p style=\"color: #000000;\"><div class=\"su-spoiler su-spoiler-style-fancy su-spoiler-icon-chevron su-spoiler-closed\" data-scroll-offset=\"0\" data-anchor-in-url=\"no\"><div class=\"su-spoiler-title\" tabindex=\"0\" role=\"button\"><span class=\"su-spoiler-icon\"><\/span>Zoran Shapuriq - minist\u00ebr nga dhjetori deri n\u00eb gusht 2006<\/div><div class=\"su-spoiler-content su-u-clearfix su-u-trim\">\n<p style=\"color: #000000;\"><strong><a href=\"https:\/\/arhiva.moepp.gov.mk\/wp-content\/uploads\/2015\/01\/Sapuric.jpg\" rel=\"lightbox[4095]\"><img decoding=\"async\" loading=\"lazy\" class=\"size-full wp-image-4107 alignleft\" src=\"https:\/\/arhiva.moepp.gov.mk\/wp-content\/uploads\/2015\/01\/Sapuric.jpg\" alt=\"Sapuric\" width=\"150\" height=\"224\" \/><\/a><\/strong><\/p>\n<p><strong>Emri dhe mbiemri:<\/strong> Dr.ZORAN SHAPURIQ<\/p>\n<p><strong>Dat\u00eblindja:<\/strong> 10.06.1958<\/p>\n<p><strong>Komb\u00ebsia:<\/strong> maqedonase<\/p>\n<p><strong>Arsimi:<\/strong><\/p>\n<p><strong>1982<\/strong> Diplomuar n\u00eb Fakultetin Juridik, Universiteti \u201cSh\u00ebn Kirili dhe Metodi\u201d, Shkup<\/p>\n<p><strong>1984<\/strong> Ka dh\u00ebn\u00eb provimin e judikatur\u00ebs (provimin e drejt\u00ebsis\u00eb &#8211; avokatur\u00ebs)<\/p>\n<p><strong>1998<\/strong> Ka dh\u00ebn\u00eb provimin e noteris\u00eb<\/p>\n<p><strong>1999<\/strong> P\u00ebrfundoi studimet pasuniversitare n\u00eb Fakultetin Juridik,<\/p>\n<p>Universiteti \u201cSh\u00ebn Kirili dhe Metodi\u201d, Shkup<\/p>\n<p><strong>2000<\/strong> Master n\u00eb Fakultetin Juridik, Shkup, me tem\u00eb: \u201cMarr\u00ebdh\u00ebniet nd\u00ebrmjet vet\u00ebqeverisjes lokale dhe pushtetit qendror n\u00eb Republik\u00ebn e Maqedonis\u00eb\u201d<\/p>\n<p><strong>2005<\/strong> Doktoratur\u00eb n\u00eb Institutin p\u00ebr K\u00ebrkime Politiko-Juridike dhe Sociologjike, Shkup,<\/p>\n<p>me tem\u00ebn \u201cDecentralizimi i pushtetit n\u00eb Republik\u00ebn e Maqedonis\u00eb\u201d<\/p>\n<p><strong>Eksperience pune:<\/strong><\/p>\n<p><strong>1982-1983<\/strong> Jurist;<\/p>\n<p><strong>1983-1985<\/strong> K\u00ebshilltar ekspert dhe k\u00ebshilltar ekspert i lart\u00eb n\u00eb Gjykat\u00ebn Kushtetuese t\u00eb Maqedonis\u00eb;<\/p>\n<p><strong>1985-1990<\/strong> K\u00ebshilltar p\u00ebr t\u00eb drejt\u00ebn tregtare nd\u00ebrkomb\u00ebtare &#8211; MZT &#8220;Komerc&#8221;;<\/p>\n<p><strong>1991-1996<\/strong> Kryetar i Komun\u00ebs &#8220;Kisella Vod\u00eb&#8221; &#8211; Shkup;<\/p>\n<p><strong>1994-1998<\/strong> Deputet i Kuvendit t\u00eb Republik\u00ebs s\u00eb Maqedonis\u00eb dhe Kryetar i Komisionit Parlamentar p\u00ebr Mbik\u00ebqyrje &#8211; Sh\u00ebrbimi i Siguris\u00eb;<\/p>\n<p><strong>1994-1998<\/strong> Deputet i Kuvendit t\u00eb Republik\u00ebs s\u00eb Maqedonis\u00eb &#8211; Kryetar i Komisionit p\u00ebr sistemin politik dhe marr\u00ebdh\u00ebniet nd\u00ebrmjet bashk\u00ebsive etnike dhe an\u00ebtar i Komisionit p\u00ebr \u00e7\u00ebshtje evropiane;<\/p>\n<p><strong>1999-2002<\/strong> Z\u00ebvend\u00ebsdrejtor i P\u00ebrgjithsh\u00ebm i Nd\u00ebrmarrjes Publike p\u00ebr Pun\u00eb Komunale n\u00eb Qytetin e Shkupit n\u00eb &#8220;Parqe dhe gjelb\u00ebrim&#8221; &#8211; Shkup;<\/p>\n<p><strong>2003 <\/strong>e deri m\u00eb tani An\u00ebtar i East West Parliamentary Practic Programme (EWPPP) \u2013zhvillimi i demokracis\u00eb parlamentare dhe lokale n\u00eb vendet n\u00eb tranzicion;<\/p>\n<p><strong>Nga 17 dhjetor 2004 deri n\u00eb gusht 2006 minist\u00ebr i Mjedisit Jet\u00ebsor dhe Planifikimit Hap\u00ebsinor n\u00eb Qeverin\u00eb e Republik\u00ebs s\u00eb Maqedonis\u00eb.<\/strong><\/p>\n<p><strong>Kualifikime shtes\u00eb:<\/strong><\/p>\n<p>M\u00eb shum\u00eb specializime shtes\u00eb brenda dhe jasht\u00eb vendit, duke p\u00ebrfshir\u00eb:<\/p>\n<p><strong>15 tetor &#8211; 15 n\u00ebntor 1994:<\/strong> Vizit\u00eb studimore n\u00eb SHBA &#8211; Fushata zgjedhore, organizuar nga NDA, SHBA;<\/p>\n<p><strong>25 tetor &#8211; 5 dhjetor 1994:<\/strong> Seminar specialist\u00ebsh me tem\u00eb: &#8220;Organizimi dhe puna e institucioneve legjislative n\u00eb Shtetet e Bashkuara, organizimi i administrat\u00ebs federale n\u00eb Shtetet e Bashkuara dhe puna e komitetit federal zgjedhor n\u00eb Shtetet e Bashkuara&#8221;, organizuar nga IRI, SHBA;<\/p>\n<p><strong>1 &#8211; 20 shkurt 1998:<\/strong> Sesion studimor n\u00eb Hamburg t\u00eb Gjermanis\u00eb, me tem\u00eb: \u201cLiria e medias dhe lidhja e tyre me politik\u00ebn\u201d;<\/p>\n<p><strong>14 mars &#8211; 14 prill 1998:<\/strong> Seminar me tem\u00eb: &#8220;Avokat\u00ebt p\u00ebr t\u00eb drejtat e njeriut&#8221;, organizuar nga Komiteti i Helsinkit p\u00ebr t\u00eb Drejtat e Njeriut t\u00eb Republik\u00ebs s\u00eb Maqedonis\u00eb, Shkup;<\/p>\n<p><strong>25 tetor &#8211; 5 n\u00ebntor 2002:<\/strong> Studim specialistik (Study Mission on Association Capacity Building), me tem\u00eb: &#8220;Zhvillimi i administrat\u00ebs publike lokale&#8221;, organizuar nga VNG International &#8211; Holand\u00eb;<\/p>\n<p><strong>20 \u2013 27 maj 2003:<\/strong> Seminar specialist\u00ebsh me tem\u00eb: \u201cPuna efikase legjislative e Parlamentit\u201d, Hungari, organizuar Hungarian Political Consulting Participant, mb\u00ebshtetur nga USAID;<\/p>\n<p><strong>Mars 2004:<\/strong> Seminar 10-ditor me tem\u00eb: &#8220;Trajtimi i korrupsionit n\u00eb mbar\u00eb bot\u00ebn: Si t\u00eb kalojm\u00eb nga zero n\u00eb hero?&#8221; n\u00eb Universitetin e Oksfordit (BB), organizuar nga K\u00ebshilli Britanik;<\/p>\n<p><strong>Qershor-Gusht 2004:<\/strong> Specializimi n\u00eb Universitetin e Harvardit (John F. Kennedy School of Government), SHBA;<\/p>\n<p><strong>Seminare specializimi n\u00eb Gjermani t\u00eb organizuara nga Friedrich Naumann Shiftung:<\/strong><\/p>\n<p><strong>&#8211; 30 janar &#8211; 10 shkurt 1998,<\/strong> <strong>me tem\u00eb:<\/strong> &#8220;Kultura politike, shteti ligjor dhe demokracia&#8221;; <strong>&#8211; 10 &#8211; 21 tetor 2001, me tem\u00eb:<\/strong> &#8220;Qeverisja e re shtet\u00ebrore: shtet i dob\u00ebt, qeverisje e dob\u00ebt&#8221; (International Academy for Leadership); <strong>&#8211; 6-15 Prill 2003, me tem\u00eb:<\/strong> &#8220;Strategjit\u00eb politike, lufta kund\u00ebr korrupsionit&#8221;;<\/p>\n<p><strong>Aktivitet studimor n\u00eb Britanin\u00eb e Madhe, me tem\u00eb:<\/strong> &#8220;Funksionimi i demokracis\u00eb parlamentare dhe administrat\u00ebs shtet\u00ebrore t\u00eb BM&#8221;, organizuar nga K\u00ebshilli Britanik dhe Zyra Nd\u00ebrlidh\u00ebse e BM, n\u00eb disa raste: <strong>&#8211; 1-15 gusht 1995;<\/strong><\/p>\n<p><strong>&#8211; 1-10 shtator 1998 \u00a0\u00a0\u00a0&#8211; 5-15 dhjetor 2004;<\/strong><\/p>\n<p>M\u00eb shum\u00eb studime t\u00eb tjera jasht\u00eb vendit n\u00eb fush\u00ebn e t\u00eb drejt\u00ebs administrative, t\u00eb s\u00eb drejt\u00ebs kushtetuese, t\u00eb drejt\u00ebsis\u00eb n\u00eb fush\u00ebn e mjedisit jet\u00ebsor, t\u00eb drejt\u00ebsis\u00eb n\u00eb fush\u00ebn e vet\u00ebqeverisjes vendore;<\/p>\n<p>Pjes\u00ebmarr\u00ebs me punimet e tij n\u00eb disa ngjarje nd\u00ebrkomb\u00ebtare n\u00eb fush\u00ebn e mbrojtjes dhe p\u00ebrmir\u00ebsimit t\u00eb mjedisit jet\u00ebsor :<\/p>\n<p><strong>\u00a0\u00a0\u00a0\u00a0\u00a0\u00a0\u00a0\u00a0 &#8211; Maj 2005: COP1 \u2013<\/strong> Konferenca e Par\u00eb e Pal\u00ebve n\u00eb Konvent\u00ebn e Stokholmit i ndot\u00ebsve organik\u00eb t\u00eb padegraduesh\u00ebm\u201d, Uruguaj;<\/p>\n<p><strong>&#8211; Maj 2005:<\/strong> Konferenca vjetore e Qendr\u00ebs Rajonale p\u00ebr Mjedisin Jet\u00ebsor me tem\u00eb:<\/p>\n<p>&#8220;Politikat dhe legjislacioni n\u00eb fush\u00ebn e mjedisit jet\u00ebsor n\u00eb Republik\u00ebn e Maqedonis\u00eb&#8221;, Budapest, Hungari;<\/p>\n<p><strong>&#8211; Dhjetor 2005: COP11\/MOP1 \u2013<\/strong> Konferenca e nj\u00ebmb\u00ebdhjet\u00eb e pal\u00ebve n\u00eb kuad\u00ebr<\/p>\n<p>Konventa e OKB-s\u00eb p\u00ebr Ndryshimet Klimatike (UNFCCC), e cila sh\u00ebrbeu si Takimi i Par\u00eb i<\/p>\n<p>Pal\u00ebve n\u00eb Protokollin e Kiotos, Kanada.<\/p>\n<p><strong>Angazhimi profesional:<\/strong><\/p>\n<p><strong>1994-1996<\/strong> An\u00ebtar i Delegacionit t\u00eb komuniteteve lokale n\u00eb K\u00ebshillin e Evrop\u00ebs -&#8220;Kongresi i autoriteteve lokale dhe rajonale&#8221;;<\/p>\n<p><strong>1994-1998<\/strong> An\u00ebtar i Delegacionit Parlamentar t\u00eb Maqedonis\u00eb n\u00eb Asamblen\u00eb e Bashkimit Evropian Per\u00ebndimor (WEU);<\/p>\n<p><strong>1997-1998<\/strong> An\u00ebtar i Delegacionit Parlamentar t\u00eb Maqedonis\u00eb n\u00eb Asamblen\u00eb e NATO-s dhe an\u00ebtar t\u00eb nj\u00ebjtit delegacion<\/p>\n<p><strong>1998-2002<\/strong> An\u00ebtar i K\u00ebshillit Statistikor t\u00eb Republik\u00ebs s\u00eb Maqedonis\u00eb.<\/p>\n<p><strong>Aktivitete tjera:<\/strong><\/p>\n<p>Autor i disa publikimeve n\u00eb fush\u00ebn e shkencave juridike dhe eseve shkencore n\u00eb fush\u00ebn e decentralizimit t\u00eb pushtetit, reform\u00ebs s\u00eb sistemit gjyq\u00ebsor, organizimit administrativ, si dhe t\u00eb s\u00eb drejt\u00ebs dhe politik\u00ebs mjedisore t\u00eb botuara n\u00eb Maqedoni dhe jasht\u00eb saj;<\/p>\n<p>P\u00ebrvoj\u00eb n\u00eb t\u00eb drejt\u00ebn e BE-s\u00eb;<\/p>\n<p>Ka marr\u00eb pjes\u00eb n\u00eb shum\u00eb seminare t\u00eb tjera nd\u00ebrkomb\u00ebtare me tem\u00eb: sistemin e drejt\u00ebsis\u00eb, administratat publike, t\u00eb drejtat e njeriut, vet\u00ebqeverisjen lokale, sistemet zgjedhore etj., n\u00eb SHBA, Holand\u00eb, Gjermani, Angli, Hungari, Finland\u00eb etj.;<\/p>\n<p><strong>Qershor 2005:<\/strong> Ka mbajtur nj\u00eb leksion shkencor n\u00eb Fakultetin Juridik n\u00eb Beograd me tem\u00eb: \u201cPolitika dhe legjislacioni n\u00eb fush\u00ebn e mjedisit n\u00eb rajonin e Ballkanit Per\u00ebndimor\u201d.<\/p>\n<p><strong>Njohuri t\u00eb gjuh\u00ebve t\u00eb huaja:<\/strong><\/p>\n<p>Aktivisht: Anglisht, Serbisht, Kroatisht, Bullgarisht<\/p>\n<p>Pasivisht: gjermanisht<\/p>\n<p style=\"color: #000000;\"><\/div><\/div>\n<div class=\"su-spoiler su-spoiler-style-fancy su-spoiler-icon-chevron su-spoiler-closed\" data-scroll-offset=\"0\" data-anchor-in-url=\"no\"><div class=\"su-spoiler-title\" tabindex=\"0\" role=\"button\"><span class=\"su-spoiler-icon\"><\/span>Lubomir Janev \u2013 minist\u00ebr nga tetori 2002 deri n\u00eb dhjetor 2004<\/div><div class=\"su-spoiler-content su-u-clearfix su-u-trim\">\n<p><strong><a href=\"https:\/\/arhiva.moepp.gov.mk\/wp-content\/uploads\/2015\/01\/Janev.jpg\" rel=\"lightbox[4095]\"><img decoding=\"async\" loading=\"lazy\" class=\"size-full wp-image-4108 alignleft\" src=\"https:\/\/arhiva.moepp.gov.mk\/wp-content\/uploads\/2015\/01\/Janev.jpg\" alt=\"Janev\" width=\"150\" height=\"225\" \/><\/a><\/strong><\/p>\n<p><strong>Emri dhe Mbiemri:<\/strong> LUBOMIR JANEV<\/p>\n<p><strong>Data e lindjes:<\/strong> 24 dhjetor 1962.<\/p>\n<p><strong>Vendlindja:<\/strong> Ko\u00e7an<\/p>\n<p><strong>Komb\u00ebsia:<\/strong> maqedonase<\/p>\n<p><strong>Arsimi:<\/strong><\/p>\n<p>Shkollimin fillor dhe t\u00eb mes\u00ebm i kreu n\u00eb Ko\u00e7an.<\/p>\n<p>Shkoll\u00ebn fillore e kreu n\u00eb shkoll\u00ebn &#8220;Rade Kratov\u00e7e&#8221;, nd\u00ebrsa t\u00eb mesmen n\u00eb gjimnazin &#8220;Lup\u00e7o Santov&#8221; me paralele ekonomike.<\/p>\n<p>N\u00eb tetor t\u00eb vitit 1982 regjistrohet n\u00eb Fakultetin e Nd\u00ebrtimtaris\u00eb n\u00eb Shkup, t\u00eb cilin e p\u00ebrfundon dhe fiton diplom\u00ebn e inxhinieris\u00eb s\u00eb nd\u00ebrtimit.<\/p>\n<p><strong>P\u00ebrvoja e pun\u00ebs dhe karriera profesionale:<\/strong><\/p>\n<p>Pun\u00ebsimi i par\u00eb, pas p\u00ebrfundimit t\u00eb fakultetit, ishte n\u00eb Nd\u00ebrmarrjen e Nd\u00ebrtimit \u201cBeton\u201d n\u00eb Ko\u00e7an n\u00eb vitin 1989, si inxhinier nd\u00ebrtimi;<\/p>\n<p>N\u00eb vitin 1996 u b\u00eb drejtor teknik i \u201cBeton\u201d;<\/p>\n<p>N\u00eb vitin 1998 u b\u00eb Drejtor i P\u00ebrgjithsh\u00ebm i \u201cBeton\u201d n\u00eb Ko\u00e7an;<\/p>\n<p>N\u00eb tetor t\u00eb vitit 2000, si kandidat i LSDM-s\u00eb, u b\u00eb kryetar i Komun\u00ebs s\u00eb Ko\u00e7anit;<\/p>\n<p><strong>Nga tetori 2002 deri n\u00eb dhjetor 2004 ka qen\u00eb minist\u00ebr i Ministris\u00eb s\u00eb Mjedisit Jet\u00ebsor dhe Planifikimit Hap\u00ebsinor, n\u00eb Qeverin\u00eb e Republik\u00ebs s\u00eb Maqedonis\u00eb;<\/strong><\/p>\n<p>Nga dhjetori 2004 u b\u00eb Drejtor i Agjencis\u00eb p\u00ebr Zonat e Pazhvilluara;<\/p>\n<p>N\u00eb prill t\u00eb vitit 2005 kandidoi p\u00ebr her\u00eb t\u00eb dyt\u00eb p\u00ebr kryetar t\u00eb Komun\u00ebs s\u00eb Ko\u00e7anit dhe fitoi zgjedhjet lokale.<\/p>\n<\/div><\/div>\n<p style=\"color: #000000;\"><div class=\"su-spoiler su-spoiler-style-fancy su-spoiler-icon-chevron su-spoiler-closed\" data-scroll-offset=\"0\" data-anchor-in-url=\"no\"><div class=\"su-spoiler-title\" tabindex=\"0\" role=\"button\"><span class=\"su-spoiler-icon\"><\/span>Dr. Vlladimir Xhabirski \u2013 minist\u00ebr nga maji 2001 deri n\u00eb gusht 2002<\/div><div class=\"su-spoiler-content su-u-clearfix su-u-trim\">\n<p style=\"color: #000000;\"><strong><a href=\"https:\/\/arhiva.moepp.gov.mk\/wp-content\/uploads\/2015\/01\/dzabirski.jpg\" rel=\"lightbox[4095]\"><img decoding=\"async\" loading=\"lazy\" class=\"size-full wp-image-4109 alignleft\" src=\"https:\/\/arhiva.moepp.gov.mk\/wp-content\/uploads\/2015\/01\/dzabirski.jpg\" alt=\"dzabirski\" width=\"150\" height=\"224\" \/><\/a><\/strong><\/p>\n<p><strong>Emri dhe mbiemri:<\/strong> Dr. Vlladimir Xhabirski<\/p>\n<p><strong>Dat\u00eblindja:<\/strong> 18.06.1956<\/p>\n<p><strong>Adresa:<\/strong> Blvd. \u201cJane Sandanski\u201d nr. 52 2\/2, 1000, Shkup, Maqedoni<\/p>\n<p><strong>E-mail:<\/strong><a href=\"mailto:vdzabirski@zf.ukim.edu.mk\">vdzabirski@zf.ukim.edu.mk<\/a><\/p>\n<p><strong>Komb\u00ebsia:<\/strong> maqedonase<\/p>\n<p><strong>Eksperience pune<\/strong><\/p>\n<ul>\n<li><strong>Data (nga-n\u00eb)<\/strong><\/li>\n<\/ul>\n<p>1. Tani \u2013 Fakulteti i Shkencave Bujq\u00ebsore dhe Ushqimit (q\u00eb nga viti 1981)<\/p>\n<p>2. Nga n\u00ebntori 1998 deri n\u00eb maj 1999 \u2013 Minist\u00ebr i Bujq\u00ebsis\u00eb i Republik\u00ebs s\u00eb Maqedonis\u00eb,<\/p>\n<p><strong>3. Nga maji 2001 deri n\u00eb gusht 2002 \u2013 minist\u00ebr i Mjedisit Jet\u00ebsor dhe Planifikimit Hap\u00ebsinor i Republik\u00ebs s\u00eb Maqedonis\u00eb<\/strong><\/p>\n<ul>\n<li><strong>Emri dhe adresa e pun\u00ebdh\u00ebn\u00ebsit<\/strong><\/li>\n<\/ul>\n<p>1. Fakulteti i Shkencave Bujq\u00ebsore dhe Ushqimit<\/p>\n<ul>\n<li><strong>Lloji i biznesit apo sektori<\/strong><\/li>\n<\/ul>\n<p>1. Edukimi dhe k\u00ebrkimi<\/p>\n<ul>\n<li><strong>Pun\u00eb ose funksion<\/strong><\/li>\n<\/ul>\n<p>Doktor, profesor<\/p>\n<ul>\n<li><strong>Aktivitetet kryesore dhe p\u00ebrgjegj\u00ebsit\u00eb<\/strong><\/li>\n<\/ul>\n<p>M\u00ebsimdh\u00ebnia dhe k\u00ebrkimi<\/p>\n<p><strong> Arsimi<\/strong><\/p>\n<p>\u2022 Data (nga-n\u00eb)<\/p>\n<p><strong>N\u00ebntor 1999 &#8211;<\/strong> Sautempton, MB &#8211; Trajnim p\u00ebr Menaxhimin e MCVP IS<\/p>\n<p>Doktoratur\u00eb &#8211; 1996 &#8211; Universiteti \u201cSh\u00ebn Kirili dhe Metodi\u201d, Shkup<\/p>\n<p>Gusht 1944 \u2013 Minesota, SHBA (ACDI) \u2013 Trajnim p\u00ebr p\u00ebrpunimin e qum\u00ebshtit cil\u00ebsor<\/p>\n<p>Master 1989 \u2013 Universiteti \u201cSh\u00ebn Kirili dhe Metodi\u201d, Shkup<\/p>\n<p>Kursi \u2013 1987 \u2013 VPI, Bleksburg, Virxhinia, SHBA<\/p>\n<p>U diplomua n\u00eb vitin 1980 \u2013 Universiteti \u201cSh\u00ebn Kirili dhe Metodi\u201d, Shkup<\/p>\n<ul>\n<li><strong>Emri dhe lloji i institucionit arsimor<\/strong><\/li>\n<\/ul>\n<p>Konsorciumi i Duing Beri (CCTA)<\/p>\n<p>Universiteti \u201cSh\u00ebn Kirili dhe Metodi\u201d, Shkup VOCA- ACDI<\/p>\n<p>Instituti Politeknik i Virxhinias<\/p>\n<p>Universiteti \u201cSh\u00ebn Kirili dhe Metodi\u201d, Shkup<\/p>\n<ul>\n<li><strong>L\u00ebnd\u00ebt kryesore\/aft\u00ebsit\u00eb profesionale t\u00eb mbuluara nga trajnimi<\/strong><\/li>\n<\/ul>\n<p>Prodhimtaria blegtorale<\/p>\n<p>Prodhimi i deleve dhe dhive<\/p>\n<ul>\n<li><strong>Ka marr\u00eb titull<\/strong><\/li>\n<\/ul>\n<p>Certifikata<\/p>\n<p>Doktor i Shkencave \u2013 Mbar\u00ebshtimi i deleve<\/p>\n<p>Master &#8211; Prodhimi i deleve<\/p>\n<p>I diplomuar \u2013 Prodhimi blegtoral<\/p>\n<p><strong>Kualifikimet personale<\/strong><\/p>\n<p>T\u00eb fituara gjat\u00eb gjith\u00eb jet\u00ebs dhe karrier\u00ebs, p\u00ebr t\u00eb cil\u00ebn mund t\u00eb mos ket\u00eb certifikata dhe diploma formale.<\/p>\n<p>Gjuh\u00eb amtare &#8211; maqedonishtja<\/p>\n<p>Gjuh\u00eb t\u00eb tjera &#8211; anglisht<\/p>\n<p>\u2022 Lexim \u2013 Shk\u00eblqyesh\u00ebm<\/p>\n<p>\u2022 T\u00eb shkruarit \u2013 Shk\u00eblqyesh\u00ebm<\/p>\n<p>\u2022 T\u00eb folurit \u2013 Shk\u00eblqyesh\u00ebm<\/p>\n<p>P\u00ebrgjegj\u00ebsit\u00eb dhe angazhimet sociale<\/p>\n<p>T\u00eb jetosh dhe t\u00eb punosh me njer\u00ebz t\u00eb tjer\u00eb, n\u00eb mjedise multikulturore, n\u00eb funksione ku komunikimi \u00ebsht\u00eb i r\u00ebnd\u00ebsish\u00ebm dhe ku puna n\u00eb grup \u00ebsht\u00eb thelb\u00ebsore (p.sh. kultur\u00eb dhe sport), etj.<\/p>\n<p>Kryetar i Shoqat\u00ebs s\u00eb Inxhinier\u00ebve Bujq\u00ebsor\u00eb t\u00eb Republik\u00ebs s\u00eb Maqedonis\u00eb<\/p>\n<p><strong>Aft\u00ebsit\u00eb dhe kualifikimet organizative<\/strong><\/p>\n<p>Koordinimi dhe menaxhimi i njer\u00ebzve, projekteve dhe fondeve nga buxheti; n\u00eb vendin e pun\u00ebs, pun\u00eb vullnetare (p.sh. kultur\u00eb dhe sport) dhe n\u00eb sht\u00ebpi, etj.<\/p>\n<p>Gjat\u00eb angazhimeve t\u00eb mia n\u00eb Ministrin\u00eb e Bujq\u00ebsis\u00eb, Pylltaris\u00eb dhe Ekonomis\u00eb t\u00eb Uj\u00ebrave dhe n\u00eb Ministrin\u00eb e Mjedisit Jet\u00ebsor dhe Planifikimit Hap\u00ebsinor kam mbajtur postin e ministrit.<\/p>\n<p>Nd\u00ebr t\u00eb tjera, isha p\u00ebrgjegj\u00ebs p\u00ebr:<\/p>\n<p>&#8211; Menaxhimin dhe koordinimin e burimeve njer\u00ebzore;<\/p>\n<p>&#8211; Koordinimin e burimeve dhe aktiviteteve;<\/p>\n<p>&#8211; \u00c7\u00ebshtjet buxhetore;<\/p>\n<p>&#8211; Koordinimin\/menaxhimin e projekteve n\u00eb vend dhe nd\u00ebrkomb\u00ebtare.<\/p>\n<p><strong>Aft\u00ebsit\u00eb e informacionit<\/strong><\/p>\n<p>Me kompjuter\u00eb, lloje t\u00eb ve\u00e7anta pajisjesh, makineri etj.<\/p>\n<p>MS Office<\/p>\n<p>Leje drejtimi &#8211; A dhe B<\/p>\n<p><strong>Informacion shtese<\/strong><\/p>\n<p>1994-2001, Koordinator Komb\u00ebtar i Programit t\u00eb FAO p\u00ebr Ruajtjen e Resurseve Gjenetike t\u00eb Kafsh\u00ebve;<\/p>\n<p>1997 CHEMONICS: Konsulent lokal p\u00ebr p\u00ebrgatitjen e projektit (Propozimi i aktiviteteve t\u00eb marketingut n\u00eb nj\u00eb projekt n\u00eb bujq\u00ebsin\u00eb maqedonase)<\/p>\n<p>2000-2002. Pilot projekt p\u00ebr identifikimin dhe regjistrimin e blegtoris\u00eb s\u00eb madhe dhe t\u00eb im\u00ebt n\u00eb Republik\u00ebn e Maqedonis\u00eb. Koordinator i organit drejtues (Ministria e Bujq\u00ebsis\u00eb);<\/p>\n<p>1993-2002, ACDI\/VOCA: Konsulent lokal dhe rajonal (Shqip\u00ebri) p\u00ebr projekte mikro (rip\u00ebrtyp\u00ebs t\u00eb vegj\u00ebl);<\/p>\n<p>1998-2002, BB: Projekti i Mb\u00ebshtetjes s\u00eb Fermerit Privat, K\u00ebrkime n\u00eb Ferm\u00eb, Udh\u00ebheq\u00ebs i Projektit: Prodhimi Gjys\u00ebm Intensiv i Qengjit. (Ministria e Bujq\u00ebsis\u00eb);<\/p>\n<p>1995-1996, CRIC: Projektet zhvillimore t\u00eb KAP-it;<\/p>\n<p>1999-2002, GTZ: Ekspert lokal p\u00ebr zbatimin e projektit (Modernizimi i bujq\u00ebsis\u00eb maqedonase);<\/p>\n<p>2001 An\u00ebtar i ekipit: Strategjia p\u00ebr zhvillimin e bujq\u00ebsis\u00eb n\u00eb Republik\u00ebn e Maqedonis\u00eb deri n\u00eb vitin 2005 (MASA);<\/p>\n<p>2001 An\u00ebtar i ekipit: Studimi p\u00ebr zhvillimin e rajonit t\u00eb Strumic\u00ebs (Ministria e Bujq\u00ebsis\u00eb);<\/p>\n<p>2002 Banka Bot\u00ebrore: Sh\u00ebrbimet konsulente p\u00ebr p\u00ebrgatitjen e auditimit t\u00eb sektorit t\u00eb bujq\u00ebsis\u00eb n\u00eb Republik\u00ebn e Maqedonis\u00eb;<\/p>\n<p>2003 CARE int.: Dy projekte t\u00eb gjenerimit t\u00eb t\u00eb ardhurave (prodhimi i deleve);<\/p>\n<p>2003-2004 An\u00ebtar i ekipit: Studim komb\u00ebtar p\u00ebr bidiversitetin e Republik\u00ebs s\u00eb Maqedonis\u00eb (raporti i par\u00eb komb\u00ebtar);<\/p>\n<p>2003-2004 An\u00ebtar i ekipit: Aktivitete p\u00ebr ngritjen e kapaciteteve p\u00ebr t\u00eb mund\u00ebsuar veprime t\u00eb hershme p\u00ebr zbatimin e Konvent\u00ebs s\u00eb Stokholmit.<\/p>\n<p style=\"color: #000000;\"><\/div><\/div>\n<div class=\"su-spoiler su-spoiler-style-fancy su-spoiler-icon-chevron su-spoiler-closed\" data-scroll-offset=\"0\" data-anchor-in-url=\"no\"><div class=\"su-spoiler-title\" tabindex=\"0\" role=\"button\"><span class=\"su-spoiler-icon\"><\/span>Marjan Dodovski \u2013 minist\u00ebr nga dhjetori 2000 deri n\u00eb qershor 2001 dhe nga gushti 2002 deri n\u00eb tetor 2002<\/div><div class=\"su-spoiler-content su-u-clearfix su-u-trim\">\n<p><a href=\"https:\/\/arhiva.moepp.gov.mk\/wp-content\/uploads\/2015\/01\/Dodovski.jpg\" rel=\"lightbox[4095]\"><img decoding=\"async\" loading=\"lazy\" class=\"alignnone size-full wp-image-4110\" src=\"https:\/\/arhiva.moepp.gov.mk\/wp-content\/uploads\/2015\/01\/Dodovski.jpg\" alt=\"Dodovski\" width=\"150\" height=\"224\" \/><\/a><\/p>\n<\/div><\/div>\n<div class=\"su-spoiler su-spoiler-style-fancy su-spoiler-icon-chevron su-spoiler-closed\" data-scroll-offset=\"0\" data-anchor-in-url=\"no\"><div class=\"su-spoiler-title\" tabindex=\"0\" role=\"button\"><span class=\"su-spoiler-icon\"><\/span>Toni Popovski - minist\u00ebr q\u00eb nga viti 1998. deri n\u00eb dhjetor 2000<\/div><div class=\"su-spoiler-content su-u-clearfix su-u-trim\">\n<\/div><\/div><\/p>","protected":false},"excerpt":{"rendered":"","protected":false},"author":2,"featured_media":0,"parent":1102,"menu_order":391,"comment_status":"closed","ping_status":"open","template":"","meta":[],"_links":{"self":[{"href":"https:\/\/arhiva.moepp.gov.mk\/AL\/wp-json\/wp\/v2\/pages\/4095"}],"collection":[{"href":"https:\/\/arhiva.moepp.gov.mk\/AL\/wp-json\/wp\/v2\/pages"}],"about":[{"href":"https:\/\/arhiva.moepp.gov.mk\/AL\/wp-json\/wp\/v2\/types\/page"}],"author":[{"embeddable":true,"href":"https:\/\/arhiva.moepp.gov.mk\/AL\/wp-json\/wp\/v2\/users\/2"}],"replies":[{"embeddable":true,"href":"https:\/\/arhiva.moepp.gov.mk\/AL\/wp-json\/wp\/v2\/comments?post=4095"}],"version-history":[{"count":0,"href":"https:\/\/arhiva.moepp.gov.mk\/AL\/wp-json\/wp\/v2\/pages\/4095\/revisions"}],"up":[{"embeddable":true,"href":"https:\/\/arhiva.moepp.gov.mk\/AL\/wp-json\/wp\/v2\/pages\/1102"}],"wp:attachment":[{"href":"https:\/\/arhiva.moepp.gov.mk\/AL\/wp-json\/wp\/v2\/media?parent=4095"}],"curies":[{"name":"wp","href":"https:\/\/api.w.org\/{rel}","templated":true}]}}