{"id":3967,"date":"2015-01-29T11:00:32","date_gmt":"2015-01-29T11:00:32","guid":{"rendered":"http:\/\/www.moepp.gov.mk\/?page_id=3967"},"modified":"2024-06-10T07:51:57","modified_gmt":"2024-06-10T06:51:57","slug":"%d1%81%d0%b5%d0%ba%d1%82%d0%be%d1%80-%d0%b7%d0%b0-%d0%b2%d0%be%d0%b4%d0%b8","status":"publish","type":"page","link":"https:\/\/arhiva.moepp.gov.mk\/AL\/%d0%bc%d0%b8%d0%bd%d0%b8%d1%81%d1%82%d0%b5%d1%80%d1%81%d1%82%d0%b2%d0%be\/%d1%81%d0%b5%d0%ba%d1%82%d0%be%d1%80-%d0%b7%d0%b0-%d0%b2%d0%be%d0%b4%d0%b8\/","title":{"rendered":"Sektori i Uj\u00ebrave"},"content":{"rendered":"<p><\/p>\n<p><p>&nbsp;<\/p>\n<p><strong>Uji \u00ebsht\u00eb jet\u00eb dhe mbijetes\u00eb, resurs i paz\u00ebvend\u00ebsuesh\u00ebm <\/strong><strong>dhe i kufizuar dhe faktor p\u00ebr zhvillimin e gjith\u00eb shoq\u00ebris\u00eb <\/strong><\/p>\n<p><strong><em><strong><em>Karakreristikat e p\u00ebrgjithshme t\u00eb uj\u00ebrave n\u00eb R. e Maqedonis\u00eb<\/em><\/strong><\/em><\/strong><\/p>\n<p>Rreth 2% e territorit t\u00eb Republik\u00ebs s\u00eb Maqedonis\u00eb jan\u00eb n\u00ebn sip\u00ebrfaqen ujore. Ka rreth 35 lumenj dhe 53 liqene natyrore dhe artificiale. Sipas sasis\u00eb s\u00eb resurseve ujore Maqedonia b\u00ebn pjes\u00eb n\u00eb zon\u00ebn me resurse t\u00eb mjaftueshme ujore, por me nj\u00eb shp\u00ebrndarje jasht\u00ebzakonisht t\u00eb pa barabart\u00eb.<\/p>\n<p>Sipas ndarjes hidrografike, n\u00eb Territorin e Republik\u00ebs s\u00eb Maqedonis\u00eb ekzistojn\u00eb kat\u00ebr pellgje edhe at\u00eb: i Vardarit, Drinit t\u00eb Zi, i Strumic\u00ebs dhe i Morav\u00ebs s\u00eb Jugut.<\/p>\n<p style=\"text-align: left;\">\u00a0\u00a0\u00a0\u00a0\u00a0\u00a0\u00a0\u00a0\u00a0\u00a0\u00a0\u00a0\u00a0\u00a0\u00a0\u00a0\u00a0\u00a0\u00a0\u00a0\u00a0\u00a0\u00a0\u00a0\u00a0\u00a0\u00a0\u00a0\u00a0\u00a0\u00a0\u00a0\u00a0\u00a0\u00a0\u00a0\u00a0\u00a0\u00a0\u00a0\u00a0\u00a0\u00a0\u00a0\u00a0\u00a0\u00a0\u00a0\u00a0\u00a0\u00a0\u00a0\u00a0\u00a0\u00a0\u00a0\u00a0\u00a0\u00a0\u00a0\u00a0\u00a0\u00a0\u00a0\u00a0\u00a0\u00a0\u00a0\u00a0\u00a0\u00a0\u00a0\u00a0\u00a0\u00a0\u00a0\u00a0\u00a0\u00a0\u00a0\u00a0\u00a0\u00a0\u00a0\u00a0 \u00a0<a href=\"https:\/\/arhiva.moepp.gov.mk\/wp-content\/uploads\/2015\/01\/Voda.jpg\" rel=\"lightbox[3967]\"><img decoding=\"async\" loading=\"lazy\" class=\"size-medium wp-image-3968 aligncenter\" src=\"https:\/\/arhiva.moepp.gov.mk\/wp-content\/uploads\/2015\/01\/Voda-434x300.jpg\" alt=\"Voda\" width=\"434\" height=\"300\" srcset=\"https:\/\/arhiva.moepp.gov.mk\/wp-content\/uploads\/2015\/01\/Voda-434x300.jpg 434w, https:\/\/arhiva.moepp.gov.mk\/wp-content\/uploads\/2015\/01\/Voda-660x455.jpg 660w, https:\/\/arhiva.moepp.gov.mk\/wp-content\/uploads\/2015\/01\/Voda.jpg 800w\" sizes=\"(max-width: 434px) 100vw, 434px\" \/><\/a><\/p>\n<p><strong><em><strong><em>Korrniza normative p\u00ebr t\u00eb drejtat e ujit n\u00eb Republik\u00ebn e Maqedonis\u00eb <\/em><\/strong><\/em><\/strong><\/p>\n<p>Rregulla themelore ligjore me t\u00eb cil\u00ebn rregullohet sfera e uj\u00ebrave \u00ebsht\u00eb Ligji i Uj\u00ebrave (\u201cGazeta Zyrtare e Republik\u00ebs s\u00eb Maqedonis\u00eb\u201d nr. 87\/08, 6\/09, 161\/09, 83\/10, 51\/11, 44\/12, 23\/13 dhe 163\/13) dhe aktet n\u00ebnligjore t\u00eb miratuara n\u00eb baz\u00eb t\u00eb Ligjit p\u00ebr Uj\u00ebra. Ligji i Uj\u00ebrave \u00ebsht\u00eb ligji korrniz\u00eb i cili i rregullon parimet themelore t\u00eb menaxhimit me resurset ujore.<\/p>\n<p><strong><em>Struktura organizative e sektorit t\u00eb uj\u00ebrave <\/em><\/strong><\/p>\n<p style=\"color: #000000;\"><div class=\"su-spoiler su-spoiler-style-fancy su-spoiler-icon-chevron su-spoiler-closed\" data-scroll-offset=\"0\" data-anchor-in-url=\"no\"><div class=\"su-spoiler-title\" tabindex=\"0\" role=\"button\"><span class=\"su-spoiler-icon\"><\/span>Departamenti i planifikimit dhe zhvillimit t\u00eb uj\u00ebrave<\/div><div class=\"su-spoiler-content su-u-clearfix su-u-trim\">\n<p>P\u00ebrgjegj\u00ebs p\u00ebr hartimin e Strategjis\u00eb Komb\u00ebtare p\u00ebr uj\u00ebra, baz\u00ebn e Ekonomis\u00eb s\u00eb Uj\u00ebrave sipas planeve t\u00eb kontraktuara, plot\u00ebsimin e saj dhe menaxhimin me baz\u00ebn e Ekonomis\u00eb s\u00eb Uj\u00ebrave, integrimi i kontributeve t\u00eb ndryshme t\u00eb Baz\u00ebs s\u00eb Ekonomis\u00eb s\u00eb Uj\u00ebrave n\u00eb sistemin e uniformuar; e p\u00ebrcjell hartimin e planeve dhe programeve p\u00ebr zhvillimin e uj\u00ebrave, organizon, p\u00ebrpunon dhe e p\u00ebrcjell realizimin e Programeve p\u00ebr menaxhimin e uj\u00ebrave. P\u00ebrgjegj\u00ebs p\u00ebr bashk\u00ebpunimin dhe koordinimin me forma t\u00eb tjera organizative n\u00eb ministri, me organet shtet\u00ebrore, me institucionet shkencore dhe profesionale dhe me organizatat joqeveritare nga vendi dhe jasht\u00eb vendit, i koordinon aktivitetet n\u00eb pjes\u00ebn e p\u00ebrgatitjes s\u00eb studimeve dhe elaborateve shkencore \u2013 profesionale.<\/p>\n<p style=\"color: #000000;\"><\/div><\/div>\n<p style=\"color: #000000;\"><div class=\"su-spoiler su-spoiler-style-fancy su-spoiler-icon-chevron su-spoiler-closed\" data-scroll-offset=\"0\" data-anchor-in-url=\"no\"><div class=\"su-spoiler-title\" tabindex=\"0\" role=\"button\"><span class=\"su-spoiler-icon\"><\/span>Departamenti i koncesioneve dhe bashk\u00ebpunimit nd\u00ebrkomb\u00ebtar<\/div><div class=\"su-spoiler-content su-u-clearfix su-u-trim\">\n<p>P\u00ebrgjegj\u00ebs p\u00ebr organizimin e pun\u00ebve rreth p\u00ebrgatitjes dhe zbatimit t\u00eb procedur\u00ebs p\u00ebr ndarjen e koncesioneve, bashk\u00ebpunon dhe e koordinon bashk\u00ebpunimin midis organeve kompetente t\u00eb administrat\u00ebs shtet\u00ebrore n\u00eb t\u00eb cil\u00ebn udh\u00ebzojn\u00eb dispozitat e Ligjit p\u00ebr Uj\u00ebra dhe t\u00eb ligjit t\u00eb Koncesioneve dhe llojeve t\u00eb tjera t\u00eb partneritetit publik privat. P\u00ebrgjegj\u00ebs p\u00ebr p\u00ebrgatitjen e aktive n\u00ebnligjore t\u00eb cil\u00ebt kan\u00eb t\u00eb b\u00ebjn\u00eb me procedur\u00ebn e l\u00ebshimit s\u00eb t\u00eb drejt\u00ebs s\u00eb uj\u00ebrave dhe ndarjes s\u00eb koncesioneve p\u00ebr p\u00ebrdorimin e uj\u00ebrave. E koordinon procedur\u00ebn e dh\u00ebnies s\u00eb lejeve q\u00eb kan\u00eb t\u00eb b\u00ebjn\u00eb me procedur\u00ebn e koncesioneve.<\/p>\n<p style=\"color: #000000;\"><\/div><\/div>\n<p style=\"color: #000000;\"><div class=\"su-spoiler su-spoiler-style-fancy su-spoiler-icon-chevron su-spoiler-closed\" data-scroll-offset=\"0\" data-anchor-in-url=\"no\"><div class=\"su-spoiler-title\" tabindex=\"0\" role=\"button\"><span class=\"su-spoiler-icon\"><\/span>Departamenti i t\u00eb drejt\u00ebs s\u00eb uj\u00ebrave<\/div><div class=\"su-spoiler-content su-u-clearfix su-u-trim\">\n<p>P\u00ebrgjegj\u00ebs p\u00ebr p\u00ebrgatitjen e akteve n\u00ebnligjore q\u00eb kan\u00eb t\u00eb b\u00ebjn\u00eb me procedur\u00ebn e l\u00ebshimit s\u00eb t\u00eb drejt\u00ebs s\u00eb uj\u00ebrave dhe koncesioneve. Organizon dhe merr pjes\u00eb n\u00eb procedur\u00ebn e dh\u00ebnies s\u00eb lejeve p\u00ebr shfryt\u00ebzimin e ujit, p\u00ebr l\u00ebshimin e ujit dhe p\u00ebr nxjerrjen e r\u00ebr\u00ebs, zhavorit dhe gurit p\u00ebr dh\u00ebnien e p\u00eblqimeve t\u00eb ekonomis\u00eb s\u00eb ujrave. Merr pjes\u00eb n\u00eb zbatimin e procedur\u00ebs p\u00ebr ndarjen e koncesioneve, bashk\u00ebpunon dhe e koordinon bashk\u00ebpunimin me forma t\u00eb tjera organizative n\u00eb ministri me organet shtet\u00ebrore, me institucionet shkencore dhe profesionale dhe me organizatat joqeveritare nga vendi dhe jasht\u00eb vendit, i koordinon aktivitetet n\u00eb pjes\u00ebn e p\u00ebrgatitjes s\u00eb studimeve dhe elaborateve shkencore-profesionale.<\/p>\n<p style=\"color: #000000;\"><\/div><\/div>\n<p style=\"color: #000000;\"><div class=\"su-spoiler su-spoiler-style-fancy su-spoiler-icon-chevron su-spoiler-closed\" data-scroll-offset=\"0\" data-anchor-in-url=\"no\"><div class=\"su-spoiler-title\" tabindex=\"0\" role=\"button\"><span class=\"su-spoiler-icon\"><\/span>Departamenti i menaxhimit me pellgun e lumit t\u00eb Vardarit<\/div><div class=\"su-spoiler-content su-u-clearfix su-u-trim\">\n<p>Merr pjes\u00eb n\u00eb koordinimin me trupat e pellgut dhe trupat e n\u00ebnpellgut. E organizon dhe e p\u00ebrcjell realizimin e detyrave dhe t\u00eb aktiviteteve t\u00eb programeve n\u00eb k\u00ebto sfera, bashk\u00ebpunon dhe e koordinuar bashk\u00ebpunimin me forma t\u00eb tjera t\u00eb organizimit n\u00eb ministri, me organet shtet\u00ebrore, me institucionet shkencore dhe profesionele, dhe me organizatat joqeveritare t\u00eb vendit dhe jasht\u00eb vendit, i koordinon aktivitetet n\u00eb pjes\u00ebn e p\u00ebrgatitjes s\u00eb studimeve dhe elaborateve shkencore-profesionale. I miraton dhe merr pjes\u00eb n\u00eb hartimin e programeve, planeve dhe raporteve t\u00eb trupave t\u00eb pellgut dhe trupave t\u00eb n\u00ebnpellgut. I kryen hulumtimet e nevojshme me q\u00ebllim t\u00eb p\u00ebrcaktimit t\u00eb shtrirjes, sasis\u00eb dhe cil\u00ebsis\u00eb s\u00eb uj\u00ebrave dhe imponon nd\u00ebrmarrjen e masave t\u00eb nevojshme p\u00ebr mbrojtjen e uj\u00ebrave n\u00ebntok\u00ebsor\u00eb t\u00eb hasura gjat\u00eb kryerjes s\u00eb hulumtimeve gjeologjike ose eksploatimit t\u00eb l\u00ebnd\u00ebve t\u00eb para minerale, g\u00ebrmimit t\u00eb tuneleve dhe aktivitete t\u00eb tjera t\u00eb g\u00ebrmimit ose shpuarjes s\u00eb tok\u00ebs.<\/p>\n<p>&#8211;\u00a0\u00a0mer pjes\u00eb n\u00eb p\u00ebrpunimin e vler\u00ebsimit baz\u00eb t\u00eb karakteristikave t\u00eb \u00e7do pellgu t\u00eb lumit, siguron menaxhimin me pjes\u00ebn e zon\u00ebs s\u00eb pellgut nd\u00ebrkomb\u00ebtar\u00eb t\u00eb lumit q\u00eb gjendet n\u00eb territorin e Republik\u00ebs s\u00eb Maqedonis\u00eb n\u00eb pajtim me ligjet, marr\u00ebvbeshjes s\u00eb ratifikuar nd\u00ebrkomb\u00ebtare nga Republika e Maqedonis\u00eb;<\/p>\n<p>&#8211;\u00a0\u00a0pun\u00eb profesionale n\u00eb dh\u00ebnien e lejeve<\/p>\n<p>&#8211;\u00a0\u00a0uj\u00ebra dhe mbajtja e regjistrit t\u00eb zonave mbrojt\u00ebse ; merr pjes\u00eb n\u00eb p\u00ebrpunimin e Planeve p\u00ebr menaxhimin me pellgjet e lumenjve; merr pjes\u00eb n\u00eb p\u00ebrpunimin e Programeve t\u00eb masave; i zbaton planet p\u00ebr menaxhimin me pellgun e lumit;<\/p>\n<p>&#8211;\u00a0\u00a0e zbaton Programin e masave;<\/p>\n<p>&#8211;\u00a0\u00a0siguron menaxhimin me pjes\u00ebn e zonave t\u00eb pellgun nd\u00ebrkomb\u00ebtar\u00eb t\u00eb lumit q\u00eb gjendet n\u00eb territorin e Republik\u00ebs s\u00eb Maqedonis\u00eb n\u00eb pajtim me ligjet e marr\u00ebveshjes nd\u00ebrkomb\u00ebtare t\u00eb ratifikuar nga Republika e Maqedonis\u00eb;<\/p>\n<p>Kujdeset p\u00ebr zbatimin e masave p\u00ebr mbrojtjen nga veprimet e d\u00ebmshme t\u00eb ujit n\u00eb pellgun p\u00ebrkat\u00ebs t\u00eb lumit ; kryen veprimtari hulumtimtuese-shkencore n\u00eb sfer\u00ebn e uj\u00ebrave.<\/p>\n<p style=\"color: #000000;\"><\/div><\/div>\n<p style=\"color: #000000;\"><div class=\"su-spoiler su-spoiler-style-fancy su-spoiler-icon-chevron su-spoiler-closed\" data-scroll-offset=\"0\" data-anchor-in-url=\"no\"><div class=\"su-spoiler-title\" tabindex=\"0\" role=\"button\"><span class=\"su-spoiler-icon\"><\/span>Departamenti i menaxhimit me pellgun e lumit t\u00eb Drinit t\u00eb Zi<\/div><div class=\"su-spoiler-content su-u-clearfix su-u-trim\">\n<p>Merr pjes\u00eb n\u00eb koordinimin me trupat e pellgut dhe trupat e n\u00ebnpellgut. E organizon dhe e p\u00ebrcjell realizimin e detyrave dhe t\u00eb aktiviteteve t\u00eb programeve n\u00eb k\u00ebto sfera, bashk\u00ebpunon dhe e koordinuar bashk\u00ebpunimin me forma t\u00eb tjera t\u00eb organizimit n\u00eb ministri, me organet shtet\u00ebrore, me institucionet shkencore dhe profesionele, dhe me organizatat joqeveritare t\u00eb vendit dhe jasht\u00eb vendit, i koordinon aktivitetet n\u00eb pjes\u00ebn e p\u00ebrgatitjes s\u00eb studimeve dhe elaborateve shkencore-profesionale. I miraton dhe merr pjes\u00eb n\u00eb hartimin e programeve, planeve dhe raporteve t\u00eb trupave t\u00eb pellgut dhe trupave t\u00eb n\u00ebnpellgut. I kryen hulumtimet e nevojshme me q\u00ebllim t\u00eb p\u00ebrcaktimit t\u00eb shtrirjes, sasis\u00eb dhe cil\u00ebsis\u00eb s\u00eb uj\u00ebrave dhe imponon nd\u00ebrmarrjen e masave t\u00eb nevojshme p\u00ebr mbrojtjen e uj\u00ebrave n\u00ebntok\u00ebsor\u00eb t\u00eb hasura gjat\u00eb kryerjes s\u00eb hulumtimeve gjeologjike ose eksploatimit t\u00eb l\u00ebnd\u00ebve t\u00eb para minerale, g\u00ebrmimit t\u00eb tuneleve dhe aktivitete t\u00eb tjera t\u00eb g\u00ebrmimit ose shpuarjes s\u00eb tok\u00ebs.<\/p>\n<p>&#8211;\u00a0\u00a0mer pjes\u00eb n\u00eb p\u00ebrpunimin e vler\u00ebsimit baz\u00eb t\u00eb karakteristikave t\u00eb \u00e7do pellgu t\u00eb lumit, siguron menaxhimin me pjes\u00ebn e zon\u00ebs s\u00eb pellgut nd\u00ebrkomb\u00ebtar\u00eb t\u00eb lumit q\u00eb gjendet n\u00eb territorin e Republik\u00ebs s\u00eb Maqedonis\u00eb n\u00eb pajtim me ligjet, marr\u00ebvbeshjes s\u00eb ratifikuar nd\u00ebrkomb\u00ebtare nga Republika e Maqedonis\u00eb;<\/p>\n<p>&#8211;\u00a0\u00a0pun\u00eb profesionale n\u00eb dh\u00ebnien e lejeve<\/p>\n<p>&#8211;\u00a0\u00a0uj\u00ebra dhe mbajtja e regjistrit t\u00eb zonave mbrojt\u00ebse ; merr pjes\u00eb n\u00eb p\u00ebrpunimin e Planeve p\u00ebr menaxhimin me pellgjet e lumenjve; merr pjes\u00eb n\u00eb p\u00ebrpunimin e Programeve t\u00eb masave; i zbaton planet p\u00ebr menaxhimin me pellgun e lumit;<\/p>\n<p>&#8211;\u00a0\u00a0e zbaton Programin e masave;<\/p>\n<p>&#8211;\u00a0\u00a0siguron menaxhimin me pjes\u00ebn e zonave t\u00eb pellgun nd\u00ebrkomb\u00ebtar\u00eb t\u00eb lumit q\u00eb gjendet n\u00eb territorin e Republik\u00ebs s\u00eb Maqedonis\u00eb n\u00eb pajtim me ligjet e marr\u00ebveshjes nd\u00ebrkomb\u00ebtare t\u00eb ratifikuar nga Republika e Maqedonis\u00eb;<\/p>\n<p>Kujdeset p\u00ebr zbatimin e masave p\u00ebr mbrojtjen nga veprimet e d\u00ebmshme t\u00eb ujit n\u00eb pellgun p\u00ebrkat\u00ebs t\u00eb lumit ; kryen veprimtari hulumtimtuese-shkencore n\u00eb sfer\u00ebn e uj\u00ebrave.<\/p>\n<p style=\"color: #000000;\"><\/div><\/div>\n<p style=\"color: #000000;\"><div class=\"su-spoiler su-spoiler-style-fancy su-spoiler-icon-chevron su-spoiler-closed\" data-scroll-offset=\"0\" data-anchor-in-url=\"no\"><div class=\"su-spoiler-title\" tabindex=\"0\" role=\"button\"><span class=\"su-spoiler-icon\"><\/span>Departamenti i menaxhimit me pellgun e lumit t\u00eb Strumic\u00ebs<\/div><div class=\"su-spoiler-content su-u-clearfix su-u-trim\">\n<p>Merr pjes\u00eb n\u00eb koordinimin me trupat e pellgut dhe trupat e n\u00ebnpellgut. E organizon dhe e p\u00ebrcjell realizimin e detyrave dhe t\u00eb aktiviteteve t\u00eb programeve n\u00eb k\u00ebto sfera, bashk\u00ebpunon dhe e koordinuar bashk\u00ebpunimin me forma t\u00eb tjera t\u00eb organizimit n\u00eb ministri, me organet shtet\u00ebrore, me institucionet shkencore dhe profesionele, dhe me organizatat joqeveritare t\u00eb vendit dhe jasht\u00eb vendit, i koordinon aktivitetet n\u00eb pjes\u00ebn e p\u00ebrgatitjes s\u00eb studimeve dhe elaborateve shkencore-profesionale. I miraton dhe merr pjes\u00eb n\u00eb hartimin e programeve, planeve dhe raporteve t\u00eb trupave t\u00eb pellgut dhe trupave t\u00eb n\u00ebnpellgut. I kryen hulumtimet e nevojshme me q\u00ebllim t\u00eb p\u00ebrcaktimit t\u00eb shtrirjes, sasis\u00eb dhe cil\u00ebsis\u00eb s\u00eb uj\u00ebrave dhe imponon nd\u00ebrmarrjen e masave t\u00eb nevojshme p\u00ebr mbrojtjen e uj\u00ebrave n\u00ebntok\u00ebsor\u00eb t\u00eb hasura gjat\u00eb kryerjes s\u00eb hulumtimeve gjeologjike ose eksploatimit t\u00eb l\u00ebnd\u00ebve t\u00eb para minerale, g\u00ebrmimit t\u00eb tuneleve dhe aktivitete t\u00eb tjera t\u00eb g\u00ebrmimit ose shpuarjes s\u00eb tok\u00ebs.<\/p>\n<p>&#8211;\u00a0\u00a0mer pjes\u00eb n\u00eb p\u00ebrpunimin e vler\u00ebsimit baz\u00eb t\u00eb karakteristikave t\u00eb \u00e7do pellgu t\u00eb lumit, siguron menaxhimin me pjes\u00ebn e zon\u00ebs s\u00eb pellgut nd\u00ebrkomb\u00ebtar\u00eb t\u00eb lumit q\u00eb gjendet n\u00eb territorin e Republik\u00ebs s\u00eb Maqedonis\u00eb n\u00eb pajtim me ligjet, marr\u00ebvbeshjes s\u00eb ratifikuar nd\u00ebrkomb\u00ebtare nga Republika e Maqedonis\u00eb;<\/p>\n<p>&#8211;\u00a0\u00a0pun\u00eb profesionale n\u00eb dh\u00ebnien e lejeve<\/p>\n<p>&#8211;\u00a0\u00a0uj\u00ebra dhe mbajtja e regjistrit t\u00eb zonave mbrojt\u00ebse; merr pjes\u00eb n\u00eb p\u00ebrpunimin e Planeve p\u00ebr menaxhimin me pellgjet e lumenjve; merr pjes\u00eb n\u00eb p\u00ebrpunimin e Programeve t\u00eb masave; i zbaton planet p\u00ebr menaxhimin me pellgun e lumit;<\/p>\n<p>&#8211;\u00a0\u00a0e zbaton Programin e masave;<\/p>\n<p>&#8211;\u00a0\u00a0siguron menaxhimin me pjes\u00ebn e zonave t\u00eb pellgun nd\u00ebrkomb\u00ebtar\u00eb t\u00eb lumit q\u00eb gjendet n\u00eb territorin e Republik\u00ebs s\u00eb Maqedonis\u00eb n\u00eb pajtim me ligjet e marr\u00ebveshjes nd\u00ebrkomb\u00ebtare t\u00eb ratifikuar nga Republika e Maqedonis\u00eb;<\/p>\n<p>Kujdeset p\u00ebr zbatimin e masave p\u00ebr mbrojtjen nga veprimet e d\u00ebmshme t\u00eb ujit n\u00eb pellgun p\u00ebrkat\u00ebs t\u00eb lumit; kryen veprimtari hulumtimtuese-shkencore n\u00eb sfer\u00ebn e uj\u00ebrave.<\/p>\n<p style=\"color: #000000;\"><\/div><\/div>\n<p style=\"color: #000000;\"><div class=\"su-tabs su-tabs-style-default su-tabs-mobile-stack\" data-active=\"1\" data-scroll-offset=\"0\" data-anchor-in-url=\"no\"><div class=\"su-tabs-nav\"><span class=\"\" data-url=\"\" data-target=\"blank\" tabindex=\"0\" role=\"button\">Legjidlacioni<\/span><span class=\"\" data-url=\"\" data-target=\"blank\" tabindex=\"0\" role=\"button\">Dokumentet planore<\/span><span class=\"\" data-url=\"\" data-target=\"blank\" tabindex=\"0\" role=\"button\">Aktivitetet<\/span><span class=\"\" data-url=\"\" data-target=\"blank\" tabindex=\"0\" role=\"button\">Raportet<\/span><span class=\"\" data-url=\"\" data-target=\"blank\" tabindex=\"0\" role=\"button\">Projektet<\/span><\/div><div class=\"su-tabs-panes\"><div class=\"su-tabs-pane su-u-clearfix su-u-trim\" data-title=\"Legjidlacioni\">\n<p>Rregulla themelore ligjore me t\u00eb cil\u00ebn rregullohet sfera e uj\u00ebrave \u00ebsht\u00eb Ligji i Uj\u00ebrave (\u201cGazeta Zyrtare e Republik\u00ebs s\u00eb Maqedonis\u00eb\u201d nr. 87\/08, 6\/09, 161\/09, 83\/10, 51\/11 dhe 44\/12 ) dhe aktet n\u00ebnligjore t\u00eb miratuara n\u00eb baz\u00eb t\u00eb Ligjit t\u00eb Uj\u00ebrave . Ligji i Uj\u00ebrave \u00ebsht\u00eb ligji korrniz\u00eb i cili i rregullon parimet themelore t\u00eb menaxhimit me resurset ujore. Ky Ligj \u00ebsht\u00eb b\u00ebr\u00eb sipas modelit t\u00eb ligjeve per\u00ebndomore evropiane , me q\u00ebllim q\u00eb t\u00eb vendoset nj\u00eb korrniz\u00eb e p\u00ebrgjithshme juridike me q\u00ebllim t\u00eb rregullimit t\u00eb sfer\u00ebs s\u00eb menaxhimit me uj\u00ebrat n\u00eb m\u00ebnyr\u00eb t\u00eb integruar dhe gjith\u00ebp\u00ebrfshir\u00ebse. N\u00eb mes tjerash menaxhimi i uj\u00ebrave i p\u00ebrfshin\u00eb t\u00eb gjitha masat dhe aktivitetet p\u00ebr shfryt\u00ebzimin racional dhe efikas t\u00eb uj\u00ebrave, zhvillimin e q\u00ebndruesh\u00ebm t\u00eb resurseve ujore, mbrojtjen e uj\u00ebrave dhe mbrojtjen nga efektet e d\u00ebmshme t\u00eb uj\u00ebrave. Nevoja nga qasja e integruar gjat\u00eb p\u00ebrgatitjes s\u00eb Ligjit Korniz\u00eb t\u00eb Uj\u00ebrave, rrjedh nga fakti se aspektet e menaxhimit dhe aspektet e mbrojtjes jan\u00eb t\u00eb nd\u00ebrlidhura thelb\u00ebsisht dhe t\u00eb nj\u00ebjtat nuk mund t\u00eb rregullohen ve\u00e7mas pa marr para sysh lidhjet midis tyre. K\u00ebshtu, kjo materie fokusohet ndaj tri sferave edhe at\u00eb: shfryt\u00ebzimin e uj\u00ebrave, mbrojtjen e uj\u00ebrave dhe kontrollin e ndotjes dhe mbrojtjen nga ndikimet e d\u00ebmshme t\u00eb uj\u00ebrave. N\u00eb t\u00eb drejp\u00ebrs\u00ebdrejti jan\u00eb bartur k\u00ebrkesat nga direktivat vijuese t\u00eb BE-s\u00eb nga sfera e menaxhimit t\u00eb resurseve ujore:<\/p>\n<p>&#8211; Direktiva korniz\u00eb e uj\u00ebrave,<\/p>\n<p>&#8211; Direktiva p\u00ebr cil\u00ebsin\u00eb e ujit e dedikuar p\u00ebr konsumim nga njeriu,<\/p>\n<p>&#8211; Direktiva p\u00ebr cil\u00ebsin\u00eb e ujit p\u00ebr larje,<\/p>\n<p>&#8211; Direktiva p\u00ebr trajtimin e uj\u00ebrave t\u00eb zeza komunale,<\/p>\n<p>&#8211; Direktiva p\u00ebr shfryt\u00ebzimin e llumit i fituar nga pastrimi i uj\u00ebrave t\u00eb zeza, dhe<\/p>\n<p>&#8211; Direktiva p\u00ebr mbrojtjen e uj\u00ebrave nga ndotja e shkaktuar nga nitratet nga burimet bujq\u00ebsore.<\/p>\n<p>Q\u00ebllimet kryesore t\u00eb ligjit jan\u00eb: t\u00eb sigurohet sasi e mjaftueshme e ujit cil\u00ebsor\u00eb; t\u00eb sigurohet mbrojtja, ruajtja dhe p\u00ebrmir\u00ebsimi i vazhduesh\u00ebm i regjimit t\u00eb uj\u00ebrave; t\u00eb p\u00ebrmir\u00ebsohet gjendja e ekosistemeve ujore dhe ekosistemeve q\u00eb varen nga uji dhe t\u00eb mbrohet dhe avancohet mjedisi ujor\u00eb p\u00ebrmes shfryt\u00ebzimit racional t\u00eb uj\u00ebrave, reduktimit progresiv t\u00eb l\u00ebshimeve t\u00eb d\u00ebmshme dhe eliminimit gradual t\u00eb emisioneve t\u00eb substancave t\u00eb d\u00ebmshme, si dhe zbutjes s\u00eb pasojave nga veprimi i d\u00ebmsh\u00ebm i uj\u00ebrave dhe nga mungesa e ujit. Megjithat\u00eb p\u00ebrmbajtja e ligjit me k\u00ebt\u00eb nuk \u00ebsht\u00eb e p\u00ebrfshir\u00eb plot\u00ebsisht. Edhe pse direktivat e BE-s\u00eb nga sfera e menaxhimit t\u00eb resurseve ujore nuk p\u00ebrmbajn\u00eb k\u00ebrkesa specifike, p\u00ebrshkak t\u00eb qasjes integruese gjat\u00eb rregullimit t\u00eb k\u00ebsaj sfera, \u00ebsht\u00eb e nevojshme q\u00eb n\u00eb korniz\u00ebn ligjore integrimi i dispozitave efektive me t\u00eb cilat do t\u00eb rregullohen t\u00eb drejta e personave fizik dhe juridik t\u00eb p\u00ebrdorin uj\u00ebra, t\u00eb l\u00ebshojn\u00eb uj\u00ebra t\u00eb zeza p\u00ebrkat\u00ebsisht l\u00ebshojn\u00eb dhe hudhin materie dhe substanca n\u00eb uj\u00ebrat sip\u00ebrfaq\u00ebsore dhe n\u00ebnujore, si dhe t\u00eb nxjerrin r\u00ebr\u00eb, zhavor dhe gur\u00eb nga shtrati dhe brigjet e trupave ujore sip\u00ebrfaq\u00ebsore. Fleksibiliteti i Legjislacionit Evropian lejon q\u00eb kjo \u00e7\u00ebshtje t\u00eb rregullohet me respektimin\u00a0\u00a0 e korniz\u00ebs kushtetuese &#8211; ligjore dhe praktik\u00ebn legjislative t\u00eb shteteve.<\/p>\n<p>Linku i Regullativ\u00ebs ligjore:\u00a0\u00a0<a href=\"https:\/\/arhiva.moepp.gov.mk\/?page_id=654\">https:\/\/arhiva.moepp.gov.mk\/?page_id=654 <\/a><\/p>\n<\/div>\n<div class=\"su-tabs-pane su-u-clearfix su-u-trim\" data-title=\"Dokumentet planore\">\n<p>Dokumentet themelore p\u00ebr planifikimin dhe zhvillimin e menaxhimit me uj\u00ebrat n\u00eb Republik\u00ebn e Maqedonis\u00eb jan\u00eb:<\/p>\n<p>1) Strategjia Komb\u00ebtare e Uj\u00ebrave<\/p>\n<p>2) Baza e Ekonomis\u00eb s\u00eb U\u00ebrave e Republik\u00ebs s\u00eb Maqedonis\u00eb dhe<\/p>\n<p>3) Planet p\u00ebr menaxhimin me pellgjet e lumenjve.<\/p>\n<p>1) Me Strategjin\u00eb Komb\u00ebtare t\u00eb Uj\u00ebrave p\u00ebrcaktohet politika afatgjate me t\u00eb cil\u00ebn posa\u00e7\u00ebrisht sigurohet:<\/p>\n<p>&#8211; zhvillimi i q\u00ebndruesh\u00ebm i uj\u00ebrave p\u00ebrmes p\u00ebrmbushjes s\u00eb nevojave t\u00eb t\u00eb gjith\u00eb konsumator\u00ebve me uj\u00eb cil\u00ebsor\u00eb n\u00eb sasi t\u00eb mjaftueshme; &#8211; shfryt\u00ebzimi racional dhe ekonomik i ujit;<\/p>\n<p>&#8211; mbrojtja e uj\u00ebrave nga ndotja dhe kontrolli i ndotjes;<\/p>\n<p>&#8211; mbrojtja dhe p\u00ebrmir\u00ebsimi i tok\u00ebs bregdetare dhe vendbanimet ujore dhe<\/p>\n<p>&#8211; mbrojtja dhe zbutja e pasojave nga veprimet e d\u00ebmshme t\u00eb uj\u00ebrave dhe mungesa e ujit.<\/p>\n<p>Linku i dokumentit : <a href=\"https:\/\/arhiva.moepp.gov.mk\/?page_id=3197\">https:\/\/arhiva.moepp.gov.mk\/?page_id=3197<\/a><\/p>\n<p>2) Me q\u00eblim t\u00eb planifikimit t\u00eb integruar dhe zbatimit t\u00eb programeve dhe masave p\u00ebr ecurin\u00eb e uj\u00ebrave n\u00eb pajtim me q\u00ebllimet e zhvillimit komb\u00ebtar\u00eb t\u00eb q\u00ebndruesh\u00ebm dhe harmonizimit t\u00eb zhvillimit ekonomik, avancimit social dhe mbrojtjes s\u00eb mjediisit, si dhe realizimit t\u00eb Strategjis\u00eb Komb\u00ebtare t\u00eb Uj\u00ebrave miratohet Baza e Ekonomis\u00eb s\u00eb Uj\u00ebrave n\u00eb Republik\u00ebn e Maqedonis\u00eb.<\/p>\n<p>3) P\u00ebr \u00e7do pellg t\u00eb lumit p\u00ebrpunohet plani p\u00ebr menaxhimin me pellgun e lumit p\u00ebr nj\u00eb periudh\u00eb prej gjasht\u00eb vitesh.<\/p>\n<p>Plani p\u00ebr menaxhimin me pellgun e lumit i p\u00ebrmban posa\u00e7\u00ebrisht k\u00ebto elemente: \u2013 p\u00ebrshkrimin e karakteristikave t\u00eb pellgut t\u00eb lumit ; \u2013 prezantimin e trusnive dhe ndikimeve t\u00eb konsiderueshme mbi gjendjen e uj\u00ebrave sip\u00ebrfaq\u00ebsore dhe n\u00ebntok\u00ebsore t\u00eb shkaktuara nga aktivitetet njer\u00ebzore; \u2013 informacionet dhe prezantimet hartografike t\u00eb zonave t\u00eb mbrojtura t\u00eb regjistruara ; \u2013inforemacionet dhe prezantimet hartografike p\u00ebr aktivitetet e monitorimit t\u00eb gjendjes s\u00eb uj\u00ebrave dhe programet monitoruese; \u2013 list\u00ebn e q\u00ebllimeve t\u00eb mjedisit p\u00ebr \u00e7do trup ujor n\u00eb pellgun e lumit, p\u00ebrfshir\u00eb k\u00ebtu devijimet e b\u00ebra n\u00eb pajtim me k\u00ebt\u00eb ligj, sh\u00ebnimin e uj\u00ebrave sip\u00ebrfaq\u00ebsore artificiale dhe ato t\u00eb ndryshuara fuqish\u00ebm. Informatat p\u00ebrmbajn\u00eb masat e planifikuara dhe t\u00eb nd\u00ebrmarrura me q\u00ebllim t\u00eb p\u00ebrmir\u00ebsimit t\u00eb cil\u00ebsis\u00eb s\u00eb ujit dhe arritjes s\u00eb q\u00ebllimeve t\u00eb mjedisit; \u2013 analiz\u00eb ekonomike e shryt\u00ebzimit t\u00eb uj\u00ebrave , p\u00ebrfshir\u00eb k\u00ebtu edhe raportin p\u00ebr zbatimin e parimit shfryt\u00ebzuesi paguan ; \u2013 programin e masave me q\u00ebllim t\u00eb arritjes s\u00eb q\u00ebllimeve t\u00eb mjediist ; \u2013 programet dhe planet m\u00eb t\u00eb holl\u00ebsishme p\u00ebr menaxhimin me uj\u00ebrat e pellgjeve t\u00eb lumenjve dhe n\u00ebnpellgjet; \u2013 programin p\u00ebr mbrojtjen nga veprimet e d\u00ebmshme t\u00eb uj\u00ebrave , si dhe masat themelore p\u00ebr mbrojtje nga p\u00ebrmbytjet; \u2013 p\u00ebrshkrimin e aktiviteteve t\u00eb publikut gjat\u00eb p\u00ebrgatitjes s\u00eb planit ; \u2013 list\u00ebn e organeve dhe institucioneve kompetente p\u00ebr uj\u00ebrat n\u00eb pellgun e lumit ; \u2013 m\u00ebnyra me t\u00eb cil\u00ebn informacionet dhe dokumentet q\u00eb kan\u00eb t\u00eb b\u00ebjn\u00eb me p\u00ebrpunimin dhe implementimin e planit jan\u00eb n\u00eb dispozicion p\u00ebr publikun ; \u2013 realizimi i detyrimeve t\u00eb nd\u00ebrmarrura me marr\u00ebveshjet nd\u00ebrkomb\u00ebtare e q\u00eb kan\u00eb t\u00eb b\u00ebjn\u00eb me menaxhimin me uj\u00ebrat t\u00eb ratifikuara nga Republika e Maqedonis\u00eb dhe\u2013 pun\u00eb tjera t\u00eb caktuara nga ministri i cili udh\u00ebheq me organin e administrat\u00ebs shtet\u00ebrore kompetentp\u00ebr kryerjen e pun\u00ebve nga sfera e mjedisit jet\u00ebsor.<\/p>\n<\/div>\n<div class=\"su-tabs-pane su-u-clearfix su-u-trim\" data-title=\"Aktivitetet\">\n<p>\u0410ktivitetet n\u00eb pjes\u00ebn e menaxhimit me uj\u00ebrat jan\u00eb t\u00eb orientuara drejt arritjes s\u00eb \u201egjendjes s\u00eb mir\u00eb\u201d t\u00eb t\u00eb gjith\u00eb uj\u00ebrave n\u00eb nj\u00eb periudh\u00eb t\u00eb caktuar dhe ku jan\u00eb p\u00ebrfshir\u00eb k\u00ebrkesat p\u00ebr zbatimin e qasjes s\u00eb integruar gjat\u00eb menaxhimit me uj\u00ebrat n\u00eb nivel t\u00eb pellgut t\u00eb lumit edhe at\u00eb si n\u00eb aspekt t\u00eb sasis\u00eb poashtu edhe n\u00eb aspekt t\u00eb cil\u00ebsis\u00eb . Koncepti i ligjit paraqet qasjen e integruar dhe gjith\u00ebp\u00ebrfshir\u00ebse p\u00ebr arritjen e p\u00ebrcaktimit strategjik p\u00ebr uj\u00eb t\u00eb past\u00ebr n\u00eb nivel t\u00eb gjith\u00eb territorit. Q\u00ebllimet e t\u00eb gjitha aktiviteteve jan\u00eb orientuar drejt: mbrojtjes, ruajtjes dhe p\u00ebrmir\u00ebsimit t\u00eb vazhduesh\u00ebm t\u00eb gjendjes s\u00eb ekosistemeve ujore dhe vendbanimeve ujore, promovimi i shfryt\u00ebzimit t\u00eb q\u00ebndruesh\u00ebm t\u00eb ujit t\u00eb bazuar n\u00eb mbrojtjen afatgjate t\u00eb resurseve ujore, avancimi i mbrojtjes nga derdhjet e d\u00ebmshme t\u00eb ujit dhe reduktimi i ndotjes s\u00eb uj\u00ebrave n\u00ebntok\u00ebsor\u00eb, zbutja e pasojave nga veprimet e d\u00ebmshme t\u00eb uj\u00ebrave dhe mungesa e uijit, si dhe p\u00ebrmbushja e detyrimeve nga marr\u00ebveshjet nd\u00ebrkomb\u00ebtare . K\u00ebrkesa ky\u00e7e e ligjit \u00ebsht\u00eb menaxhimi me uj\u00ebrat n\u00eb nivel t\u00eb pellgut t\u00eb lumit \u00e7ka n\u00ebnkupton , p\u00ebrdorimin, planifikimin si dhe mbrojtjen e, dhe nga t\u00eb gjitha uj\u00ebrat sip\u00ebrfaq\u00ebsore dhe n\u00ebntok\u00ebsor\u00eb n\u00eb nivel t\u00eb nj\u00ebsive gjeografike dhe hidrografike . Elementi qendror i menaxhimit me uj\u00ebrat n\u00eb nivel t\u00eb pellgut t\u00eb lumit, \u00ebsht\u00eb p\u00ebrgatitja e planeve p\u00ebr menaxhimin me pellgjet e lumenjve. Me q\u00ebllim q\u00eb t\u00eb promovohet p\u00ebrdorimi racional i uj\u00ebrave, ligji p\u00ebrcakton detyrimin p\u00ebr kompenzimin e t\u00eb gjitha shpenzimeve, edhe at\u00eb: shpenzimet p\u00ebr mjedisin jet\u00ebsor dhe shpenzimet p\u00ebr resurset.<\/p>\n<\/div>\n<div class=\"su-tabs-pane su-u-clearfix su-u-trim\" data-title=\"Raportet\">\n<p><a href=\"https:\/\/arhiva.moepp.gov.mk\/wp-content\/uploads\/2015\/01\/\u0418\u0437\u0432\u0435\u0448\u0442\u0430\u0458-\u0437\u0430-\u0423\u041d\u0415\u0421\u041a\u041e-\u043d\u043e\u0435\u043c\u0432\u0440\u0438-2022-ALB.pdf\" target=\"_blank\">Raport mbi gjendjen e mbrojtjes s\u00eb Trash\u00ebgimis\u00eb Bot\u00ebrore \u2013 Trash\u00ebgimia Natyrore dhe Kulturore e Rajonit t\u00eb Ohrit 16.11.2022<\/a><\/p>\n<p style=\"color: #000000;\"><a href=\"https:\/\/arhiva.moepp.gov.mk\/wp-content\/uploads\/2015\/01\/ICR-3-Lakes-Main-Report.pdf\" target=\"_blank\">Initial Characterisation of Lakes Prespa, Ohrid and Shkodra\/Skadar &#8211; Main Report<\/a><\/p>\n<p style=\"color: #000000;\"><a href=\"https:\/\/arhiva.moepp.gov.mk\/wp-content\/uploads\/2015\/01\/ICR-3-LAKES-Volume-of-Annexes.pdf\" target=\"_blank\">Initial Characterisation of Lakes Prespa, Ohrid and Shkodra\/Skadar &#8211; Volume of Annexes<\/a><\/p>\n<\/div>\n<div class=\"su-tabs-pane su-u-clearfix su-u-trim\" data-title=\"Projektet\">\n<p><strong>PASQYRA E PROJEKTEVE AKTUALE T\u00cb DONUARA N\u00cb SEKTORIN E UJ\u00cbRAVE<\/strong><\/p>\n<table style=\"height: 508px;\" width=\"1212\">\n<tbody>\n<tr>\n<td colspan=\"2\" width=\"852\"><strong>1. <strong>Emri i Projektit : Programi p\u00ebr menaxhimin e integruar me resurset ujore n\u00eb pellgun e lumit t\u00eb Bregallnic\u00ebs <\/strong><\/strong><\/td>\n<\/tr>\n<tr>\n<td width=\"324\">Vlera e p\u00ebrgjithshme e projektit<\/td>\n<td width=\"528\">5.270.000 CHF<\/td>\n<\/tr>\n<tr>\n<td width=\"324\">Vlera e donacionit<\/td>\n<td width=\"528\">4.460.000 CHF Swiss<\/td>\n<\/tr>\n<tr>\n<td width=\"324\">Vlera e bashk\u00ebfinancimit vendor<\/td>\n<td width=\"528\">810.000 CHF (410.000 QRMdhe 400.000 NJVL)<\/td>\n<\/tr>\n<tr>\n<td width=\"324\">Emri i donatorit<\/td>\n<td width=\"528\">Qeveria e Konfederat\u00ebs Zvicerane<\/td>\n<\/tr>\n<tr>\n<td width=\"324\">Institucioni implementues<\/td>\n<td width=\"528\">\u041cMJPH dhe MBPEU<\/td>\n<\/tr>\n<tr>\n<td width=\"324\">Koh\u00ebzgjatja e projektit<\/td>\n<td width=\"528\">3,5 vjet<\/td>\n<\/tr>\n<tr>\n<td width=\"324\">P\u00ebrshkrim i shkurt\u00eb i projektit<\/td>\n<td width=\"528\">Q\u00ebllimi kryesor\u00eb i projektit \u00ebsht\u00eb menaxhimi i q\u00ebndruesh\u00ebm me resurset ujore n\u00eb pellgun e lumit Bregallnic\u00eb. Projekti p\u00ebrb\u00ebhet nga dy komponente kryesore, edhe at\u00eb komponenta 1 p\u00ebrmes s\u00eb cil\u00ebs do t\u00eb sigurohet zhvillimi institucional me q\u00ebllim t\u00eb vendosjes dhe pun\u00ebs s\u00eb suksesshme t\u00eb trupit p\u00ebr menaxhimin me pellgun e lumit Bregallnic\u00eb dhe komponenta 2, n\u00eb kuad\u00ebr t\u00eb t\u00eb cil\u00ebs do t\u00eb realizohet planifikimi dhe zbatimi i projekteve t\u00eb vogla infrastrukturore p\u00ebr uj\u00ebrat. Shfryt\u00ebzuesit e drejtp\u00ebrdrejt t\u00eb Projektit do t\u00eb jen\u00eb 12 komunat n\u00eb pellgun e lumit Bregallnic\u00eb, si dhe MMJPH dhe MBPEU.<\/p>\n<p><a href=\"http:\/\/bregalnica.mk\/\">http:\/\/bregalnica.mk\/<\/a><\/td>\n<\/tr>\n<\/tbody>\n<\/table>\n<p>&nbsp;<\/p>\n<table>\n<tbody>\n<tr>\n<td colspan=\"2\" width=\"852\"><strong>2<\/strong><strong>. <strong>Emri i Projektit: Projekti rajonal \u00a0 \u201cRuajtja dhe shfryt\u00ebzimi i q\u00ebndruesh\u00ebm i llojllojshm\u00ebris\u00eb biologjike n\u00eb Liqenin e Presp\u00ebs, Ohrit dhe Shkodr\u00ebs\u201c<\/strong><\/strong><\/td>\n<\/tr>\n<tr>\n<td width=\"324\">Vlera e p\u00ebrgjithshme e projektit<\/td>\n<td width=\"528\">2,000,000 EURO<\/td>\n<\/tr>\n<tr>\n<td width=\"324\">Vlera e donacionit<\/td>\n<td width=\"528\"><\/td>\n<\/tr>\n<tr>\n<td width=\"324\">Vlera e bashk\u00ebfinancimit vendor<\/td>\n<td width=\"528\"><\/td>\n<\/tr>\n<tr>\n<td width=\"324\">Emri i donatorit<\/td>\n<td width=\"528\">Qeveria e Republik\u00ebs Federale t\u00eb Gjermanis\u00eb p\u00ebrmes GIZ<\/td>\n<\/tr>\n<tr>\n<td width=\"324\">Institucioni implementues<\/td>\n<td width=\"528\">\u041cMJPH<\/td>\n<\/tr>\n<tr>\n<td width=\"324\">Koh\u00ebzgjatja e projektit<\/td>\n<td width=\"528\">2,5 vjet<\/td>\n<\/tr>\n<tr>\n<td width=\"324\">P\u00ebrshkrim i shkurt\u00eb i projektit<\/td>\n<td width=\"528\">Zbatimi m\u00eb i mir\u00eb i legjislacionit, rregullativat dhe planet p\u00ebr menaxhim p\u00ebr ruajtjen dhe p\u00ebrdorimin e q\u00ebndruesh\u00ebm t\u00eb llojllojshm\u00ebris\u00eb biologjike n\u00eb Liqenin e Presp\u00ebs, Ohrit dhe Shkodr\u00ebs<\/td>\n<\/tr>\n<\/tbody>\n<\/table>\n<p>&nbsp;<\/p>\n<table>\n<tbody>\n<tr>\n<td colspan=\"2\" width=\"852\"><strong>3. <strong>Emri i Projektit: Projekti rajonal \u201cAdaptimi ndaj ndryshimeve klimatike n\u00eb Ballkanin Per\u00ebndimor\u201c<\/strong><\/strong><\/td>\n<\/tr>\n<tr>\n<td width=\"324\">Vlera e p\u00ebrgjithshme e projektit<\/td>\n<td width=\"528\">2,000,000 EURO<\/td>\n<\/tr>\n<tr>\n<td width=\"324\">Vlera e donacionit<\/td>\n<td width=\"528\"><\/td>\n<\/tr>\n<tr>\n<td width=\"324\">Vlera e bashk\u00ebfinancimit vendor<\/td>\n<td width=\"528\"><\/td>\n<\/tr>\n<tr>\n<td width=\"324\">Emri i donatorit<\/td>\n<td width=\"528\">Qeveria e Republik\u00ebs Federale t\u00eb Gjermanis\u00eb p\u00ebrmes GIZ<\/td>\n<\/tr>\n<tr>\n<td width=\"324\">Institucioni implementues<\/td>\n<td width=\"528\">\u041cMJPH<\/td>\n<\/tr>\n<tr>\n<td width=\"324\">Koh\u00ebzgjatja e projektit<\/td>\n<td width=\"528\">2,5 \u00a0vjet<\/td>\n<\/tr>\n<tr>\n<td width=\"324\">P\u00ebrshkrim i shkurt\u00eb i projektit<\/td>\n<td width=\"528\">Zbatimi m\u00eb i mir\u00eb i legjislacionit, rregullativat dhe planet p\u00ebr menaxhim p\u00ebr ruajtjen dhe p\u00ebrdorimin e q\u00ebndruesh\u00ebm t\u00eb llojllojshm\u00ebris\u00eb biologjike n\u00eb Liqenin e Presp\u00ebs, Ohrit dhe Shkodr\u00ebs<\/td>\n<\/tr>\n<\/tbody>\n<\/table>\n<p>&nbsp;<\/p>\n<table>\n<tbody>\n<tr>\n<td colspan=\"2\" width=\"852\"><strong>4<\/strong><strong>. <strong>Emri i Projektit: Projekti p\u00ebr Implementimin e Planit p\u00ebr Menaxhimin me Liqenin e Presp\u00ebs<\/strong><\/strong><\/td>\n<\/tr>\n<tr>\n<td width=\"324\">Vlera e p\u00ebrgjithshme e projektit<\/td>\n<td width=\"528\">5,000,000 CHF<\/td>\n<\/tr>\n<tr>\n<td width=\"324\">Vlera e donacionit<\/td>\n<td width=\"528\"><\/td>\n<\/tr>\n<tr>\n<td width=\"324\">Vlera e bashk\u00ebfinancimit vendor<\/td>\n<td width=\"528\"><\/td>\n<\/tr>\n<tr>\n<td width=\"324\">Emri i donatorit<\/td>\n<td width=\"528\">Agjencia Zvicerane p\u00ebr Zhvillim dhe Bashk\u00ebpunim (SDC)<\/td>\n<\/tr>\n<tr>\n<td width=\"324\">Institucioni implementues<\/td>\n<td width=\"528\">\u041cMJPH<\/td>\n<\/tr>\n<tr>\n<td width=\"324\">Koh\u00ebzgjatja e projektit<\/td>\n<td width=\"528\">6 vjet<\/td>\n<\/tr>\n<tr>\n<td width=\"324\">P\u00ebrshkrim i shkurt\u00eb i projektit<\/td>\n<td width=\"528\">Q\u00ebllimi kryesor\u00eb i projektit \u00ebsht\u00eb q\u00eb p\u00ebrmes zbatimit t\u00eb masave gjithp\u00ebrfshir\u00ebse n\u00eb m\u00eb tep\u00ebr sektor\u00eb t\u00eb p\u00ebrmir\u00ebsohet statusi i Liqenit t\u00eb Presp\u00ebs, t\u00eb p\u00ebrforcohet rezistenca e saj ndaj ndikimeve t\u00eb njer\u00ebzve dhe t\u00eb futet kontrolli i proceseve t\u00eb eutrofikimit dhe ndotjes.<\/p>\n<p>Masat jan\u00eb t\u00eb bazuara n\u00eb rekomandimet e Planit p\u00ebr menaxhimin me pellgun e Liqenit t\u00eb Presp\u00ebs, t\u00eb hartuar n\u00eb pajtim me k\u00ebrkesat e Direktiv\u00ebs Korniz\u00eb p\u00ebr Uj\u00ebrat t\u00eb BE-s\u00eb.<\/td>\n<\/tr>\n<\/tbody>\n<\/table>\n<p>&nbsp;<\/p>\n<table>\n<tbody>\n<tr>\n<td colspan=\"2\" width=\"852\"><strong>5<\/strong><strong>. <strong>Emri i Projektit:\u00a0\u0422\u0410IB 2009 \u2013 P\u00ebrforcimi i kapaciteteve administrative n\u00eb Sektorin e Uj\u00ebrave<\/strong><\/strong><\/td>\n<\/tr>\n<tr>\n<td width=\"300\">Vlera e p\u00ebrgjithshme e projektit<\/td>\n<td width=\"552\"><\/td>\n<\/tr>\n<tr>\n<td width=\"300\">Vlera e donacionit<\/td>\n<td width=\"552\"><\/td>\n<\/tr>\n<tr>\n<td width=\"300\">Vlera e bashk\u00ebfinancimit vendor<\/td>\n<td width=\"552\"><\/td>\n<\/tr>\n<tr>\n<td width=\"300\">Emri i donatorit<\/td>\n<td width=\"552\">IPA projekti<\/td>\n<\/tr>\n<tr>\n<td width=\"300\">Institucioni implementues<\/td>\n<td width=\"552\">\u041cMJPH, Sektori i Uj\u00ebrave<\/td>\n<\/tr>\n<tr>\n<td width=\"300\">Koh\u00ebzgjatja e projektit<\/td>\n<td width=\"552\">Janar 2014 \u2013 n\u00eb fund t\u00eb vitit 2015<\/td>\n<\/tr>\n<tr>\n<td width=\"300\">P\u00ebrshkrim i shkurt\u00eb i projektit<\/td>\n<td width=\"552\">Aktivitetet e parapara<\/p>\n<ol>\n<li>Ndihm\u00eb n\u00eb zbatimin e legjislacionit<\/li>\n<li>P\u00ebrforcimi i kapaciteteve administrative dhe<\/li>\n<li>Aktivitete inicuese p\u00ebr PMPL Vardar<\/li>\n<\/ol>\n<\/td>\n<\/tr>\n<\/tbody>\n<\/table>\n<p>&nbsp;<\/p>\n<table>\n<tbody>\n<tr>\n<td colspan=\"2\" width=\"852\"><strong>6<\/strong><strong>. <strong>Emri i Projektit: Menaxhimi i p\u00ebrbashk\u00ebt i pellgut t\u00eb zgjeruar t\u00eb Drinit <\/strong><\/strong><\/td>\n<\/tr>\n<tr>\n<td width=\"300\">Vlera e p\u00ebrgjithshme e projektit<\/td>\n<td width=\"552\">4.5 milion dollar\u00eb<\/td>\n<\/tr>\n<tr>\n<td width=\"300\">Vlera e donacionit<\/td>\n<td width=\"552\">E ndryshueshme, var\u00ebsisht nga sigurimi i donacioneve vjetore. Financohen vet\u00ebm shpenzimet rrugore p\u00ebr pjes\u00ebmarrje n\u00eb mbledhjet e grupeve punuese<\/td>\n<\/tr>\n<tr>\n<td width=\"300\">Vlera e bashk\u00ebfinancimit vendor<\/td>\n<td width=\"552\">NUK KA<\/td>\n<\/tr>\n<tr>\n<td width=\"300\">Emri i donatorit<\/td>\n<td width=\"552\">GEF, UNDP, UNECE , SIDA<\/td>\n<\/tr>\n<tr>\n<td width=\"300\">Institucioni implementues<\/td>\n<td width=\"552\">\u041cMJPH, Sekretariati Bilateral, Nj\u00ebsia e Ohrit<\/td>\n<\/tr>\n<tr>\n<td width=\"300\">Koh\u00ebzgjatja e projektit<\/td>\n<td width=\"552\">N\u00ebntor 2011 \u2013 plani deri n\u00eb vitin 2017 masa t\u00eb vazhdueshme<\/td>\n<\/tr>\n<tr>\n<td width=\"300\">P\u00ebrshkrim i shkurt\u00eb i projektit<\/td>\n<td width=\"552\">B\u00ebhet fjal\u00eb p\u00ebr implementimin e masave afatshkurt\u00ebra, afatmesme dhe afatgjate t\u00eb parapara n\u00eb Planin Aksionar p\u00ebr zbatimin e Memorandumit p\u00ebr Mir\u00ebkuptim. N\u00eb faz\u00ebn e par\u00eb parashikohen takime konsultuese, takime t\u00eb grupeve punuese t\u00eb Drin Kor Grupit<\/td>\n<\/tr>\n<\/tbody>\n<\/table>\n<p>&nbsp;<\/p>\n<table>\n<tbody>\n<tr>\n<td colspan=\"2\" width=\"852\"><strong>7<\/strong><strong>. <strong>Emri i Projekti: Menaxhimi me pellgun e lumit Strumic\u00eb<\/strong><\/strong><\/td>\n<\/tr>\n<tr>\n<td width=\"300\">Vlera e p\u00ebrgjithshme e projektit<\/td>\n<td width=\"552\">300.000 franga zvicerane + 100.000 CHF<\/td>\n<\/tr>\n<tr>\n<td width=\"300\">Vlera e donacionit<\/td>\n<td width=\"552\">E ndryshueshme, var\u00ebsisht nga sigurimi i donacioneve vjetore. Financohen vet\u00ebm shpenzimet rrugore p\u00ebr pjes\u00ebmarrje n\u00eb mbledhjet e grupeve punuese<\/td>\n<\/tr>\n<tr>\n<td width=\"300\">Vlera e bashk\u00ebfinancimit vendor<\/td>\n<td width=\"552\">NUK KA<\/td>\n<\/tr>\n<tr>\n<td width=\"300\">Emri i donatorit<\/td>\n<td width=\"552\">SDC<\/td>\n<\/tr>\n<tr>\n<td width=\"300\">Institucioni implementues<\/td>\n<td width=\"552\">\u041cMJPH<\/td>\n<\/tr>\n<tr>\n<td width=\"300\">Koh\u00ebzgjatja e projektit<\/td>\n<td width=\"552\">23.07.2014 -30.06.2015 \u0433\u043e\u0434\u0438\u043d\u0430<\/td>\n<\/tr>\n<tr>\n<td width=\"300\">P\u00ebrshkrim i shkurt\u00eb i projektit<\/td>\n<td width=\"552\">B\u00ebhet fjal\u00eb p\u00ebr implementimin e masave afatshkurt\u00ebra, afatmesme dhe afatgjate t\u00eb parapara n\u00eb Planin Aksionar p\u00ebr zbatimin e Memorandumit p\u00ebr Mir\u00ebkuptim.<\/td>\n<\/tr>\n<\/tbody>\n<\/table>\n<p>&nbsp;<\/p>\n<table>\n<tbody>\n<tr>\n<td colspan=\"2\" width=\"852\"><strong>8<\/strong><strong>. <strong>Emri i Projektit:\u00a0Rehabilitimi i sistemit t\u00eb kolekrorit n\u00eb rajonin Oh\u00ebr-Strug\u00eb<\/strong><\/strong><\/td>\n<\/tr>\n<tr>\n<td width=\"300\">Vlera e p\u00ebrgjithshme e projektit<\/td>\n<td width=\"552\"><\/td>\n<\/tr>\n<tr>\n<td width=\"300\">Vlera e donacionit<\/td>\n<td width=\"552\">E ndryshueshme, var\u00ebsisht nga sigurimi i donacioneve vjetore. Financohen vet\u00ebm shpenzimet rrugore p\u00ebr pjes\u00ebmarrje n\u00eb mbledhjet e grupeve punuese<\/td>\n<\/tr>\n<tr>\n<td width=\"300\">Vlera e bashk\u00ebfinancimit vendor<\/td>\n<td width=\"552\">NUK KA<\/td>\n<\/tr>\n<tr>\n<td width=\"300\">Emri i donatorit<\/td>\n<td width=\"552\">JICA<\/td>\n<\/tr>\n<tr>\n<td width=\"300\">Institucioni implementues<\/td>\n<td width=\"552\">\u041cMJPH, Komuna e Ohrit dhe Strug\u00ebs<\/td>\n<\/tr>\n<tr>\n<td width=\"300\">Koh\u00ebzgjatja e projektit<\/td>\n<td width=\"552\"><\/td>\n<\/tr>\n<tr>\n<td width=\"300\">P\u00ebrshkrim i shkurt\u00eb i projektit<\/td>\n<td width=\"552\"><\/td>\n<\/tr>\n<\/tbody>\n<\/table>\n<p>&nbsp;<\/p>\n<table>\n<tbody>\n<tr>\n<td colspan=\"2\" width=\"852\"><strong>9<\/strong><strong>. <strong>Emri i Projektit: Vendosja e Rezervatit Biosferik Oh\u00ebr, Presp\u00eb n\u00ebn UNESKO <\/strong><\/strong><\/td>\n<\/tr>\n<tr>\n<td width=\"300\">Vlera e p\u00ebrgjithshme e projektit<\/td>\n<td width=\"552\">Nuk dihet, projekti \u00ebsht\u00eb n\u00ebn kontrolllin e KFW edhe nga pala shqip\u00ebtare<\/td>\n<\/tr>\n<tr>\n<td width=\"300\">Vlera e donacionit<\/td>\n<td width=\"552\">Financohet vet\u00ebm shpenzimet e udh\u00ebtimit<\/td>\n<\/tr>\n<tr>\n<td width=\"300\">Vlera e bashk\u00ebfinancimit vendor<\/td>\n<td width=\"552\">NUK KA<\/td>\n<\/tr>\n<tr>\n<td width=\"300\">Emri i donatorit<\/td>\n<td width=\"552\">KFW banka, Qeveria Gjermane<\/td>\n<\/tr>\n<tr>\n<td width=\"300\">Institucioni implementues<\/td>\n<td width=\"552\">Sekretariati Bilateral i pellgut t\u00eb Liqenit t\u00eb Ohrit MKD &#8211; \u0410LB<\/td>\n<\/tr>\n<tr>\n<td width=\"300\">Koh\u00ebzgjatja e projektit<\/td>\n<td width=\"552\">Deri n\u00eb shtator t\u00eb vitit 2013<\/td>\n<\/tr>\n<tr>\n<td width=\"300\">P\u00ebrshkrim i shkurt\u00eb i projektit<\/td>\n<td width=\"552\">Q\u00ebllimi i projektit \u00ebsht\u00eb p\u00ebrgatitja e aplikacionit p\u00ebr vendosjen e statusit Rezervati Biosferik i UNESKO-s p\u00ebr Ohrin , Presp\u00ebn. Procesi p\u00ebrfshin konsultimin dhe p\u00ebrgatitjen e aplikacionit<\/td>\n<\/tr>\n<\/tbody>\n<\/table>\n<p>&nbsp;<\/p>\n<\/div><\/div><\/div>\n<p style=\"color: #000000;\">\n<p><\/p>","protected":false},"excerpt":{"rendered":"<p>&nbsp; Uji \u00ebsht\u00eb jet\u00eb dhe mbijetes\u00eb, resurs i paz\u00ebvend\u00ebsuesh\u00ebm dhe i kufizuar dhe faktor p\u00ebr zhvillimin e gjith\u00eb shoq\u00ebris\u00eb Karakreristikat e p\u00ebrgjithshme t\u00eb uj\u00ebrave n\u00eb R. e Maqedonis\u00eb Rreth 2% e territorit t\u00eb Republik\u00ebs s\u00eb Maqedonis\u00eb jan\u00eb n\u00ebn sip\u00ebrfaqen ujore. Ka rreth 35 lumenj dhe 53 liqene natyrore dhe artificiale. Sipas sasis\u00eb s\u00eb resurseve ujore&#8230; <a class=\"moretag\" href=\"https:\/\/arhiva.moepp.gov.mk\/AL\/%d0%bc%d0%b8%d0%bd%d0%b8%d1%81%d1%82%d0%b5%d1%80%d1%81%d1%82%d0%b2%d0%be\/%d1%81%d0%b5%d0%ba%d1%82%d0%be%d1%80-%d0%b7%d0%b0-%d0%b2%d0%be%d0%b4%d0%b8\/\">Lexoni me shume  &raquo;<\/a><\/p>\n","protected":false},"author":2,"featured_media":0,"parent":1102,"menu_order":394,"comment_status":"closed","ping_status":"open","template":"","meta":[],"_links":{"self":[{"href":"https:\/\/arhiva.moepp.gov.mk\/AL\/wp-json\/wp\/v2\/pages\/3967"}],"collection":[{"href":"https:\/\/arhiva.moepp.gov.mk\/AL\/wp-json\/wp\/v2\/pages"}],"about":[{"href":"https:\/\/arhiva.moepp.gov.mk\/AL\/wp-json\/wp\/v2\/types\/page"}],"author":[{"embeddable":true,"href":"https:\/\/arhiva.moepp.gov.mk\/AL\/wp-json\/wp\/v2\/users\/2"}],"replies":[{"embeddable":true,"href":"https:\/\/arhiva.moepp.gov.mk\/AL\/wp-json\/wp\/v2\/comments?post=3967"}],"version-history":[{"count":0,"href":"https:\/\/arhiva.moepp.gov.mk\/AL\/wp-json\/wp\/v2\/pages\/3967\/revisions"}],"up":[{"embeddable":true,"href":"https:\/\/arhiva.moepp.gov.mk\/AL\/wp-json\/wp\/v2\/pages\/1102"}],"wp:attachment":[{"href":"https:\/\/arhiva.moepp.gov.mk\/AL\/wp-json\/wp\/v2\/media?parent=3967"}],"curies":[{"name":"wp","href":"https:\/\/api.w.org\/{rel}","templated":true}]}}